{"id":3308,"date":"2017-12-30T22:11:17","date_gmt":"2017-12-30T22:11:17","guid":{"rendered":"http:\/\/skugg.wopsa.se\/?page_id=3308"},"modified":"2017-12-30T22:15:20","modified_gmt":"2017-12-30T22:15:20","slug":"herta-fran-gruneberg-herta-lutz-schuster","status":"publish","type":"page","link":"https:\/\/xn--skuggorfrndetfrflutna-02b01b.se\/?page_id=3308","title":{"rendered":"\u201dHerta fr\u00e5n Gr\u00fcneberg\u201d \u2013 Herta Lutz (Schuster)"},"content":{"rendered":"<p style=\"text-align: justify;\"><strong>Underl\u00e4ret Gr\u00fcneberg<\/strong><\/p>\n<p style=\"text-align: justify;\">Byn Gr\u00fcneberg \u00e4r bel\u00e4gen cirka 5 mil norr om Berlin och i denna fanns ett av de 39 underl\u00e4gren till koncentrationsl\u00e4gret Ravensbr\u00fcck. Fabriken tillverkade ammunition (fr\u00e4mst 2 cm). Sommaren 1944 hade fabriken 4 338 arbetare, de flesta tyskar men ocks\u00e5 tv\u00e5ngs- eller slavarbetare (124 fr\u00e5n Italien, 205 fr\u00e5n Frankrike, 894 fr\u00e5n \u00f6stra Europa samt 1 030 kvinnor fr\u00e5n koncentrationsl\u00e4gret Ravensbr\u00fcck).<\/p>\n<p style=\"text-align: justify;\">Underl\u00e4gret Gr\u00fcneberg startades i mars 1943 och antalet f\u00e5ngar var som st\u00f6rst i februari 1945 d\u00e5 det fanns 1 703 f\u00e5ngar i l\u00e4gret. Barackerna fanns 150 meter fr\u00e5n j\u00e4rnv\u00e4gsstationen och p\u00e5 andra sidan j\u00e4rnv\u00e4gen l\u00e5g fabriken. Underl\u00e4gret hade tv\u00e5 ing\u00e5ngar och elektrificerat st\u00e4ngsel. F\u00e5ngarna bodde i 8 stora baracker och som varje rymde 214 f\u00e5ngar i v\u00e5ningss\u00e4ngar utan madrasser. Tunna filtar fanns. Det fanns en sjukstuga, k\u00f6k, f\u00f6rr\u00e5d och en matsal. Som bestraffning anv\u00e4ndes en \u201dbunker\u201d \u2013 ett djup h\u00e5l i marken.<\/p>\n<p style=\"text-align: justify;\">F\u00e5ngarna arbetade i tv\u00e5 skift om 12 timmar, vanligen fr\u00e5n sju till sju. Kvinnliga l\u00e4gervakter sk\u00f6tte bevakningen och marschen till fabriken som tog 15 minuter. Den ansvariga l\u00e4gervakten (SS-Aufseherin) var Betty Herzinger.<\/p>\n<p style=\"text-align: justify;\">F\u00f6rh\u00e5llandena var h\u00e5rda och ohygieniska. I juli 1944 fick flera hundra f\u00e5ngar matf\u00f6rgiftning. Sjukstugan var bemannad av en rysk och tjeckisk l\u00e4kare men utan mediciner. M\u00e5nga f\u00e5ngar dog i l\u00e4gret eller efter transport tillbaka till Ravensbr\u00fcck som icke arbetsf\u00f6rm\u00f6gna.<\/p>\n<p style=\"text-align: justify;\">Den 22 april evakuerades l\u00e4gret. Polska f\u00e5ngar skickades med lastbil till Ravensbr\u00fcck d\u00e4r de befriades av svenska R\u00f6da korset och de flesta transporterades till Sverige.<\/p>\n<p><a href=\"http:\/\/skugg.wopsa.se\/wp-content\/uploads\/2017\/08\/7.png\"><img loading=\"lazy\" decoding=\"async\" class=\"alignnone size-large wp-image-3180\" src=\"http:\/\/skugg.wopsa.se\/wp-content\/uploads\/2017\/08\/7-970x1024.png\" alt=\"\" width=\"847\" height=\"894\" srcset=\"https:\/\/xn--skuggorfrndetfrflutna-02b01b.se\/wp-content\/uploads\/2017\/08\/7-970x1024.png 970w, https:\/\/xn--skuggorfrndetfrflutna-02b01b.se\/wp-content\/uploads\/2017\/08\/7-284x300.png 284w, https:\/\/xn--skuggorfrndetfrflutna-02b01b.se\/wp-content\/uploads\/2017\/08\/7-768x811.png 768w, https:\/\/xn--skuggorfrndetfrflutna-02b01b.se\/wp-content\/uploads\/2017\/08\/7.png 1515w\" sizes=\"auto, (max-width: 847px) 100vw, 847px\" \/><\/a><\/p>\n<p style=\"text-align: justify;\">\u00d6vriga f\u00e5ngar deporterades med t\u00e5g eller till fots till Ravensbr\u00fcck (ca 40 kilometer) d\u00e4r de sedan deltog i en d\u00f6dsmarsch fr\u00e5n detta l\u00e4ger mot Mecklenburg d\u00e4r de \u00f6verlevande befriades av R\u00f6da Arm\u00e9n den 2 maj 1945.<\/p>\n<p style=\"text-align: justify;\"><strong>\u201dHerta fr\u00e5n Gr\u00fcneberg\u201d \u2013 Herta Lutz (Schuster)<\/strong><\/p>\n<p style=\"text-align: justify;\">Herta Schuster f\u00f6dds den 11 juni 1922 i Mnichov (M\u00fcnchenhof) i Tjeckoslovakien.Hennes f\u00f6r\u00e4ldrar var Karel och Marie Schuster som b\u00e5da tillh\u00f6rde den tyska katolska minoriteten i dagens Tjeckien. Fadern arbetade som gruvarbetare och modern var hemmafru. I mitten av 1920-talet flyttade familjen till det lilla samh\u00e4llet Nova Role (Neurohlau) d\u00e4r Herta genomgick grundskolan. 1937 tog hon arbete i en porslinsfabrik i staden. I och med att denna l\u00e5g i Sudet-omr\u00e5det \u201darieriserades\u201d fabriken 1940 och fick nya tyska \u00e4gare. Nu tillverkades h\u00f6gklassigt porslin f\u00f6r SS, tyska arm\u00e9n och R\u00f6da korset.<\/p>\n<p style=\"text-align: justify;\">I b\u00f6rjan av 1943 skapades ett underl\u00e4ger f\u00f6r koncentrationsl\u00e4gerf\u00e5ngar fr\u00e5n Ravensbr\u00fcck vid fabriken. Enligt en \u00f6verenskommelse med fabriken skulle denna st\u00e4lla upp med vaktmanskap. Direkt\u00f6ren Heinrich Hechtfischer valde ut 8 frivilliga unga kvinnor f\u00f6r uppdraget. Dessa skulle sedan utbildas till \u201dSS-Aufseherin\u201d vid koncentrationsl\u00e4gret Ravensbruck. Gruppen av unga kvinnor anl\u00e4nde till Ravnesbruck den 1:a maj 1943 och unders\u00f6ktes rasm\u00e4ssigt och p\u00e5b\u00f6rjade en kortare utbildning. Herta var en av dem och 20 \u00e5r gammal.<\/p>\n<p style=\"text-align: justify;\"><a href=\"http:\/\/skugg.wopsa.se\/wp-content\/uploads\/2017\/08\/1.jpg\"><img loading=\"lazy\" decoding=\"async\" class=\"alignnone size-full wp-image-3175\" src=\"http:\/\/skugg.wopsa.se\/wp-content\/uploads\/2017\/08\/1.jpg\" alt=\"\" width=\"608\" height=\"842\" srcset=\"https:\/\/xn--skuggorfrndetfrflutna-02b01b.se\/wp-content\/uploads\/2017\/08\/1.jpg 608w, https:\/\/xn--skuggorfrndetfrflutna-02b01b.se\/wp-content\/uploads\/2017\/08\/1-217x300.jpg 217w\" sizes=\"auto, (max-width: 608px) 100vw, 608px\" \/><\/a><\/p>\n<p style=\"text-align: justify;\">Enligt hennes egen utsago var hon bara \u00e5tta dagar i Ravensbruck innan hon skickades till underl\u00e4gret Gr\u00fcneberg. Vid den tidpunkten fanns cirka 1 800 kvinnliga f\u00e5ngar i l\u00e4gret. Herta Schuster bevakade f\u00e5ngar under marschen till arbetet, i fabriken och i l\u00e4gret.<\/p>\n<p style=\"text-align: justify;\">Det \u00e4r n\u00e5gon g\u00e5ng under senvintern 1944 som det ber\u00f6mda fotografiet tas. Att bli hundf\u00f6rare m\u00e5ste ha varit en befordran och j\u00e4mf\u00f6rt med att vara fabriksarbeterska var l\u00f6n och arbetsvillkor sannolikt b\u00e4ttre. Bilden \u00e4r sannolikt inte spontan utan noga f\u00f6rberett. Det m\u00e4rkliga \u00e4r att hunden Greif b\u00e4r SS-runorna, n\u00e5got som kvinnorna inte fick g\u00f6ra d\u00e5 de formellt inte var medlemmar i SS. Den unga kvinnan b\u00f6r ocks\u00e5 ringar p\u00e5 b\u00e5da h\u00e4nderna. Det \u00e4r d\u00e4rf\u00f6r inte om\u00f6jligt att hon vid tillf\u00e4llet har gift sig med SS-mannen Vaclav Lutz (d\u00f6d vid ok\u00e4nd tidpunkt) som hon m\u00f6jligen tr\u00e4ffat vid l\u00e4gret Gr\u00fcneberg.<\/p>\n<p style=\"text-align: justify;\">D\u00e5 SS under kaotiska former b\u00f6rjar evakuera underl\u00e4gret Gr\u00fcneberg den 22 april s\u00e4ger sig Herta ha flytt och \u00e5terv\u00e4nt till f\u00f6r\u00e4ldrahemmet. Hon grips av den tjeckiska s\u00e4kerhetstj\u00e4nsten den 19 september 1945 och f\u00f6rs till det tidigare l\u00e4gret vid porslinsfabriken som nu tj\u00e4nstg\u00f6r som interneringsl\u00e4ger. Det kan till\u00e4gas att den tyska minoriteten i Sudet-omr\u00e5det r\u00e5kade mycket illa ut i samband med krigsslutet och 100 000-tals flydde eller deporterades av den kommunistiska tjeckiska regimen.<\/p>\n<p style=\"text-align: justify;\">I juni 1947 f\u00f6der Herta en dotter som ges namnet Ingrid. Fadern var kock i f\u00e4ngelset. Dottern omh\u00e4ndertas av sociala myndigheter. Dotterns vidare liv \u00e4r ok\u00e4nt.<\/p>\n<p style=\"text-align: justify;\">Hon d\u00f6ms den 13 maj 1948 genom att genom sin tillh\u00f6righet till SS ha medverkat i misshandel av f\u00e5ngar i Ravensbr\u00fcck och Gr\u00fcneberg och d\u00f6dandet av en Izabella Kurcmanova och andra f\u00e5ngar. Straffet blir livstidsf\u00e4ngelse. Hon friges i en amnesti den 23 december 1959 och verkar ha utvandrat till V\u00e4sttyskland. Hennes vidare liv \u00e4r ok\u00e4nt.<\/p>\n<p style=\"text-align: justify;\">I samband med gripandet beslagtogs fotografiet. P\u00e5 baksidan av fotografiet: \u201dTill minne av min tj\u00e4nstg\u00f6ring i Gr\u00fcneberg till mina k\u00e4ra f\u00f6r\u00e4ldrar. Er Herta den 24 mars 1944. H\u00e4r \u00e4r min trogne bekl\u00e4da Greif.\u201d<\/p>\n<p><a href=\"http:\/\/skugg.wopsa.se\/wp-content\/uploads\/2017\/08\/8.png\"><img loading=\"lazy\" decoding=\"async\" class=\"alignnone size-large wp-image-3181\" src=\"http:\/\/skugg.wopsa.se\/wp-content\/uploads\/2017\/08\/8-1024x520.png\" alt=\"\" width=\"847\" height=\"430\" srcset=\"https:\/\/xn--skuggorfrndetfrflutna-02b01b.se\/wp-content\/uploads\/2017\/08\/8-1024x520.png 1024w, https:\/\/xn--skuggorfrndetfrflutna-02b01b.se\/wp-content\/uploads\/2017\/08\/8-300x152.png 300w, https:\/\/xn--skuggorfrndetfrflutna-02b01b.se\/wp-content\/uploads\/2017\/08\/8-768x390.png 768w\" sizes=\"auto, (max-width: 847px) 100vw, 847px\" \/><\/a><\/p>\n<p style=\"text-align: justify;\"><a href=\"http:\/\/skugg.wopsa.se\/wp-content\/uploads\/2017\/08\/2.png\"><img loading=\"lazy\" decoding=\"async\" class=\"alignnone size-large wp-image-3176\" src=\"http:\/\/skugg.wopsa.se\/wp-content\/uploads\/2017\/08\/2-1024x586.png\" alt=\"\" width=\"847\" height=\"485\" srcset=\"https:\/\/xn--skuggorfrndetfrflutna-02b01b.se\/wp-content\/uploads\/2017\/08\/2-1024x586.png 1024w, https:\/\/xn--skuggorfrndetfrflutna-02b01b.se\/wp-content\/uploads\/2017\/08\/2-300x172.png 300w, https:\/\/xn--skuggorfrndetfrflutna-02b01b.se\/wp-content\/uploads\/2017\/08\/2-768x440.png 768w, https:\/\/xn--skuggorfrndetfrflutna-02b01b.se\/wp-content\/uploads\/2017\/08\/2.png 1600w\" sizes=\"auto, (max-width: 847px) 100vw, 847px\" \/><\/a> <a href=\"http:\/\/skugg.wopsa.se\/wp-content\/uploads\/2017\/08\/3.png\"><img loading=\"lazy\" decoding=\"async\" class=\"alignnone size-large wp-image-3177\" src=\"http:\/\/skugg.wopsa.se\/wp-content\/uploads\/2017\/08\/3-1024x710.png\" alt=\"\" width=\"847\" height=\"587\" srcset=\"https:\/\/xn--skuggorfrndetfrflutna-02b01b.se\/wp-content\/uploads\/2017\/08\/3-1024x710.png 1024w, https:\/\/xn--skuggorfrndetfrflutna-02b01b.se\/wp-content\/uploads\/2017\/08\/3-300x208.png 300w, https:\/\/xn--skuggorfrndetfrflutna-02b01b.se\/wp-content\/uploads\/2017\/08\/3-768x532.png 768w, https:\/\/xn--skuggorfrndetfrflutna-02b01b.se\/wp-content\/uploads\/2017\/08\/3.png 1280w\" sizes=\"auto, (max-width: 847px) 100vw, 847px\" \/><\/a><\/p>\n<p style=\"text-align: justify;\">K\u00e4llor: Eschebach, Insa mfl (2014) Das Frauen-Koncentrationslager Ravensbr\u00fcck \u2013 Neue Beitr\u00e4ge zur Geschichte und Nachgeschichte<\/p>\n","protected":false},"excerpt":{"rendered":"<p>Underl\u00e4ret Gr\u00fcneberg Byn Gr\u00fcneberg \u00e4r bel\u00e4gen cirka 5 mil norr om Berlin och i denna fanns ett av de 39 underl\u00e4gren till koncentrationsl\u00e4gret Ravensbr\u00fcck. Fabriken tillverkade ammunition (fr\u00e4mst 2 cm). Sommaren 1944 hade fabriken 4 338 arbetare, de flesta tyskar men ocks\u00e5 tv\u00e5ngs- eller slavarbetare (124 fr\u00e5n Italien, 205 fr\u00e5n Frankrike, 894 fr\u00e5n \u00f6stra Europa &hellip; <\/p>\n<p><a class=\"more-link btn\" href=\"https:\/\/xn--skuggorfrndetfrflutna-02b01b.se\/?page_id=3308\">Forts\u00e4tt l\u00e4sa<\/a><\/p>\n","protected":false},"author":1,"featured_media":0,"parent":0,"menu_order":0,"comment_status":"closed","ping_status":"closed","template":"","meta":{"_monsterinsights_skip_tracking":false,"_monsterinsights_sitenote_active":false,"_monsterinsights_sitenote_note":"","_monsterinsights_sitenote_category":0,"footnotes":""},"class_list":["post-3308","page","type-page","status-publish","hentry","nodate","item-wrap"],"jetpack_sharing_enabled":true,"_links":{"self":[{"href":"https:\/\/xn--skuggorfrndetfrflutna-02b01b.se\/index.php?rest_route=\/wp\/v2\/pages\/3308","targetHints":{"allow":["GET"]}}],"collection":[{"href":"https:\/\/xn--skuggorfrndetfrflutna-02b01b.se\/index.php?rest_route=\/wp\/v2\/pages"}],"about":[{"href":"https:\/\/xn--skuggorfrndetfrflutna-02b01b.se\/index.php?rest_route=\/wp\/v2\/types\/page"}],"author":[{"embeddable":true,"href":"https:\/\/xn--skuggorfrndetfrflutna-02b01b.se\/index.php?rest_route=\/wp\/v2\/users\/1"}],"replies":[{"embeddable":true,"href":"https:\/\/xn--skuggorfrndetfrflutna-02b01b.se\/index.php?rest_route=%2Fwp%2Fv2%2Fcomments&post=3308"}],"version-history":[{"count":3,"href":"https:\/\/xn--skuggorfrndetfrflutna-02b01b.se\/index.php?rest_route=\/wp\/v2\/pages\/3308\/revisions"}],"predecessor-version":[{"id":3313,"href":"https:\/\/xn--skuggorfrndetfrflutna-02b01b.se\/index.php?rest_route=\/wp\/v2\/pages\/3308\/revisions\/3313"}],"wp:attachment":[{"href":"https:\/\/xn--skuggorfrndetfrflutna-02b01b.se\/index.php?rest_route=%2Fwp%2Fv2%2Fmedia&parent=3308"}],"curies":[{"name":"wp","href":"https:\/\/api.w.org\/{rel}","templated":true}]}}