{"id":139,"date":"2013-08-31T18:18:14","date_gmt":"2013-08-31T18:18:14","guid":{"rendered":"http:\/\/xn--skuggorfrndetfrflutna-02b01b.se\/?page_id=139"},"modified":"2014-02-08T09:36:03","modified_gmt":"2014-02-08T09:36:03","slug":"de-manskliga-rattigheterna","status":"publish","type":"page","link":"https:\/\/xn--skuggorfrndetfrflutna-02b01b.se\/?page_id=139","title":{"rendered":"De m\u00e4nskliga r\u00e4ttigheterna"},"content":{"rendered":"<p>F\u00f6renklat kan man s\u00e4ga att det l\u00f6per en r\u00f6d tr\u00e5d fr\u00e5n F\u00f6rintelsen fram till dagens internationella system och regelverk f\u00f6r de m\u00e4nskliga r\u00e4ttigheterna. Folkmordet och de fruktansv\u00e4rda brotten som begicks mot m\u00e4nskligheten tvingade v\u00e4rlden att g\u00f6ra stora f\u00f6r\u00e4ndringar.<\/p>\n<p>Se Levande historia:<\/p>\n<p><a href=\"http:\/\/www.levandehistoria.se\/fakta-fordjupning\/manskliga-rattigheter\/mr-igar-idag-imorgon\" target=\"_blank\">http:\/\/www.levandehistoria.se\/fakta-fordjupning\/manskliga-rattigheter\/mr-igar-idag-imorgon<\/a><\/p>\n<p>Nazisternas politik mot stora grupper av m\u00e4nniskor i Europa kan ses som den direkta motsatsen till m\u00e4nsklig r\u00e4ttigheter.<\/p>\n<p><a href=\"http:\/\/xn--skuggorfrndetfrflutna-02b01b.se\/wp-content\/uploads\/2013\/08\/bild3.jpg\"><img loading=\"lazy\" decoding=\"async\" class=\"alignnone size-full wp-image-776\" alt=\"bild3\" src=\"http:\/\/xn--skuggorfrndetfrflutna-02b01b.se\/wp-content\/uploads\/2013\/08\/bild3.jpg\" width=\"579\" height=\"524\" srcset=\"https:\/\/xn--skuggorfrndetfrflutna-02b01b.se\/wp-content\/uploads\/2013\/08\/bild3.jpg 579w, https:\/\/xn--skuggorfrndetfrflutna-02b01b.se\/wp-content\/uploads\/2013\/08\/bild3-300x271.jpg 300w\" sizes=\"auto, (max-width: 579px) 100vw, 579px\" \/><\/a><\/p>\n<p>K\u00e4lla: Levande Historia<\/p>\n<p>&nbsp;<\/p>\n","protected":false},"excerpt":{"rendered":"<p>F\u00f6renklat kan man s\u00e4ga att det l\u00f6per en r\u00f6d tr\u00e5d fr\u00e5n F\u00f6rintelsen fram till dagens internationella system och regelverk f\u00f6r de m\u00e4nskliga r\u00e4ttigheterna. Folkmordet och de fruktansv\u00e4rda brotten som begicks mot m\u00e4nskligheten tvingade v\u00e4rlden att g\u00f6ra stora f\u00f6r\u00e4ndringar. Se Levande historia: http:\/\/www.levandehistoria.se\/fakta-fordjupning\/manskliga-rattigheter\/mr-igar-idag-imorgon Nazisternas politik mot stora grupper av m\u00e4nniskor i Europa kan ses som den &hellip; <\/p>\n<p><a class=\"more-link btn\" href=\"https:\/\/xn--skuggorfrndetfrflutna-02b01b.se\/?page_id=139\">Forts\u00e4tt l\u00e4sa<\/a><\/p>\n","protected":false},"author":1,"featured_media":0,"parent":0,"menu_order":0,"comment_status":"closed","ping_status":"open","template":"","meta":{"_monsterinsights_skip_tracking":false,"_monsterinsights_sitenote_active":false,"_monsterinsights_sitenote_note":"","_monsterinsights_sitenote_category":0,"footnotes":""},"class_list":["post-139","page","type-page","status-publish","hentry","nodate","item-wrap"],"jetpack_sharing_enabled":true,"_links":{"self":[{"href":"https:\/\/xn--skuggorfrndetfrflutna-02b01b.se\/index.php?rest_route=\/wp\/v2\/pages\/139","targetHints":{"allow":["GET"]}}],"collection":[{"href":"https:\/\/xn--skuggorfrndetfrflutna-02b01b.se\/index.php?rest_route=\/wp\/v2\/pages"}],"about":[{"href":"https:\/\/xn--skuggorfrndetfrflutna-02b01b.se\/index.php?rest_route=\/wp\/v2\/types\/page"}],"author":[{"embeddable":true,"href":"https:\/\/xn--skuggorfrndetfrflutna-02b01b.se\/index.php?rest_route=\/wp\/v2\/users\/1"}],"replies":[{"embeddable":true,"href":"https:\/\/xn--skuggorfrndetfrflutna-02b01b.se\/index.php?rest_route=%2Fwp%2Fv2%2Fcomments&post=139"}],"version-history":[{"count":4,"href":"https:\/\/xn--skuggorfrndetfrflutna-02b01b.se\/index.php?rest_route=\/wp\/v2\/pages\/139\/revisions"}],"predecessor-version":[{"id":778,"href":"https:\/\/xn--skuggorfrndetfrflutna-02b01b.se\/index.php?rest_route=\/wp\/v2\/pages\/139\/revisions\/778"}],"wp:attachment":[{"href":"https:\/\/xn--skuggorfrndetfrflutna-02b01b.se\/index.php?rest_route=%2Fwp%2Fv2%2Fmedia&parent=139"}],"curies":[{"name":"wp","href":"https:\/\/api.w.org\/{rel}","templated":true}]}}