{"id":644,"date":"2013-09-28T18:09:07","date_gmt":"2013-09-28T18:09:07","guid":{"rendered":"http:\/\/xn--skuggorfrndetfrflutna-02b01b.se\/?page_id=644"},"modified":"2018-01-04T15:20:37","modified_gmt":"2018-01-04T15:20:37","slug":"katazyna-s","status":"publish","type":"page","link":"http:\/\/xn--skuggorfrndetfrflutna-02b01b.se\/?page_id=644","title":{"rendered":"Irena Katazyna S."},"content":{"rendered":"<p style=\"text-align: justify;\">Irena S f\u00f6ddes i Nieledew, Polen den 8 maj 1902. Hon var ogift och jobbade hemmavarande hos sin mormor som hon v\u00e4xte upp med. Under sin barndom var hon v\u00e4ldigt sjuklig och l\u00e5g mycket till s\u00e4ngs. Hon var s\u00e5 svag att hon inte ens kunde g\u00e5. Hennes f\u00f6r\u00e4ldrar var mekanikern Jan S och Katazyna S, hon hade tv\u00e5 systrar och tre br\u00f6der. Hennes far dog i tidig \u00e5lder innan f\u00f6rintelsen. I maj 1942 evakuerades denna trakts befolkning fr\u00e5n omr\u00e5det (nord\u00f6st om Zamosc) och f\u00f6rdes till koncentrationsl\u00e4gret Ravensbr\u00fcck. Sannolikt ville nazisterna f\u00f6rtyska omr\u00e5det vilket betydde att polacker tv\u00e5ngsf\u00f6rflyttades till f\u00f6rm\u00e5n f\u00f6r s\u00e5 kallade folktyskar. Tyskarna hade \u00f6vertalat Irena S att hon skulle bli f\u00f6rd till ett sjukhus i Tyskland, d\u00e4r hon skulle l\u00e4ra sig att kunna g\u00e5 igen tack vare bra l\u00e4karv\u00e5rd, men tyskarna lj\u00f6g f\u00f6r henne och ist\u00e4llet f\u00f6r ett sjukhus f\u00f6rdes hon till Ravensbr\u00fcck trots att hon inte var judinna. Hon var ungef\u00e4r sex m\u00e5nader i Ravensbr\u00fcck innan hon f\u00f6rdes till ett koncentrationsl\u00e4ger i Lublin, ocks\u00e5 kallat Majdanek. Hon tillbringade 2 \u00bd m\u00e5nads tid i Lublin innan hon \u00e4n en g\u00e5ng f\u00f6rdes vidare, den h\u00e4r g\u00e5ngen till Auschwitz d\u00e4r hon fick f\u00e5ngnummer 77404 intatuerat. D\u00e4r var hon innan hon efter n\u00e5gra m\u00e5nader s\u00e4ndes tillbaka till Ravensbr\u00fcck.<\/p>\n<p style=\"text-align: justify;\">I maj 1945 blev hon utsl\u00e4ppt fr\u00e5n Ravensbr\u00fcck och f\u00f6rdes genom Svenska R\u00f6da Korsets f\u00f6rsorg till Sverige som repatriandi. Hon ankom till Malm\u00f6 den 2 maj 1945. Efter karant\u00e4n i Lund kom hon den 21 augusti till \u00d6rebro beredskapssjukhus. I november friskf\u00f6rklarades hon av l\u00e4kare och fick plats p\u00e5 Garphyttans sanatorium. Hon ville s\u00e5 snabbt som m\u00f6jligt \u00e5terv\u00e4nda till Polen och under tiden hon bodde i Sverige jobbade hon som bitr\u00e4de vid sanatoriet i Garphyttan, \u00d6rebro l\u00e4n. L\u00f6nen var 80kr\/ m\u00e5naden plus kost och logi.\u00a0Hon \u00e5terv\u00e4nde till Polen den 25 juli 1946.<\/p>\n<p style=\"text-align: justify;\">K\u00e4lla: Dossier Statens utl\u00e4nningskommission, Riksarkivet<\/p>\n<p style=\"text-align: justify;\">Av: Adam Neselius 9D vt 2012<\/p>\n<p>&nbsp;<\/p>\n","protected":false},"excerpt":{"rendered":"<p>Irena S f\u00f6ddes i Nieledew, Polen den 8 maj 1902. Hon var ogift och jobbade hemmavarande hos sin mormor som hon v\u00e4xte upp med. Under sin barndom var hon v\u00e4ldigt sjuklig och l\u00e5g mycket till s\u00e4ngs. Hon var s\u00e5 svag att hon inte ens kunde g\u00e5. Hennes f\u00f6r\u00e4ldrar var mekanikern Jan S och Katazyna S, &hellip; <\/p>\n<p><a class=\"more-link btn\" href=\"http:\/\/xn--skuggorfrndetfrflutna-02b01b.se\/?page_id=644\">Forts\u00e4tt l\u00e4sa<\/a><\/p>\n","protected":false},"author":1,"featured_media":0,"parent":0,"menu_order":0,"comment_status":"closed","ping_status":"open","template":"","meta":{"_monsterinsights_skip_tracking":false,"_monsterinsights_sitenote_active":false,"_monsterinsights_sitenote_note":"","_monsterinsights_sitenote_category":0,"footnotes":""},"class_list":["post-644","page","type-page","status-publish","hentry","nodate","item-wrap"],"jetpack_sharing_enabled":true,"_links":{"self":[{"href":"http:\/\/xn--skuggorfrndetfrflutna-02b01b.se\/index.php?rest_route=\/wp\/v2\/pages\/644","targetHints":{"allow":["GET"]}}],"collection":[{"href":"http:\/\/xn--skuggorfrndetfrflutna-02b01b.se\/index.php?rest_route=\/wp\/v2\/pages"}],"about":[{"href":"http:\/\/xn--skuggorfrndetfrflutna-02b01b.se\/index.php?rest_route=\/wp\/v2\/types\/page"}],"author":[{"embeddable":true,"href":"http:\/\/xn--skuggorfrndetfrflutna-02b01b.se\/index.php?rest_route=\/wp\/v2\/users\/1"}],"replies":[{"embeddable":true,"href":"http:\/\/xn--skuggorfrndetfrflutna-02b01b.se\/index.php?rest_route=%2Fwp%2Fv2%2Fcomments&post=644"}],"version-history":[{"count":4,"href":"http:\/\/xn--skuggorfrndetfrflutna-02b01b.se\/index.php?rest_route=\/wp\/v2\/pages\/644\/revisions"}],"predecessor-version":[{"id":3361,"href":"http:\/\/xn--skuggorfrndetfrflutna-02b01b.se\/index.php?rest_route=\/wp\/v2\/pages\/644\/revisions\/3361"}],"wp:attachment":[{"href":"http:\/\/xn--skuggorfrndetfrflutna-02b01b.se\/index.php?rest_route=%2Fwp%2Fv2%2Fmedia&parent=644"}],"curies":[{"name":"wp","href":"https:\/\/api.w.org\/{rel}","templated":true}]}}