{"id":293,"date":"2013-09-11T16:59:18","date_gmt":"2013-09-11T16:59:18","guid":{"rendered":"http:\/\/xn--skuggorfrndetfrflutna-02b01b.se\/?page_id=293"},"modified":"2014-02-28T19:21:25","modified_gmt":"2014-02-28T19:21:25","slug":"kvinnorna-och-platserna-2","status":"publish","type":"page","link":"http:\/\/xn--skuggorfrndetfrflutna-02b01b.se\/?page_id=293","title":{"rendered":"Inledning"},"content":{"rendered":"<p>Till beredskapssjukhuset kommer sannolikt 247 kvinnor kortare eller l\u00e4ngre tid 1945. Av dessa har vi namnen p\u00e5 245. Vi v\u00e4ljer att endast publicera korrekt f\u00f6rnamn och efternamnets f\u00f6rsta bokstav med h\u00e4nsyn till att vi anv\u00e4nder oss av dokument och sjukuppgifter som fr\u00e5n b\u00f6rjan inte avs\u00e5gs att n\u00e5 offentlighet. N\u00e5gra av kvinnorna har vi hittat p\u00e5 andra platser (b\u00f6cker, internet, tidningar) med tydlig koppling till deras tid i koncentrationsl\u00e4ger eller s\u00e5 har de sj\u00e4lva ber\u00e4ttat p\u00e5 olika s\u00e4tt vad de varit med om. I dessa fall anv\u00e4nds hela deras riktiga namn.<\/p>\n<p>Kvinnorna hittas under respektive land och d\u00e4r framg\u00e5r \u00e4ven vilken elev som \u00e4r f\u00f6rfattare till texten.<\/p>\n<p><strong>Varifr\u00e5n kom kvinnorna och varf\u00f6r hamnade de i tyska koncentrationsl\u00e4ger?<\/strong><\/p>\n<div>Fr\u00e5n Polen har vi <strong>113<\/strong> kvinnor (icke medr\u00e4knade de polsk-judiska kvinnorna):<\/div>\n<div>\u2013Warszawaupproret augusti 1944<\/div>\n<div>\u2013Motst\u00e5ndskvinnor, n\u00e5gra sannolikt helt oskyldiga till det de anklagades f\u00f6r av tyskarna<\/div>\n<div>\u2013Polskor utsatta f\u00f6r etnisk rensning, vilka i m\u00e5nga fall skickades till Auschwitz bara f\u00f6r att de r\u00e5kade p\u00e5 fel plats.<\/div>\n<div>Kvinnor med judisk bakgrund <strong>129<\/strong><\/div>\n<div>De st\u00f6rsta kontingenterna \u00e4r:<\/div>\n<div>\u2013Polen 55<\/div>\n<div>&#8211; Ungern 24<\/div>\n<div>&#8211; Holland 11<\/div>\n<div>&#8211; Tjeckoslovakien 19<\/div>\n<div>Till kristendomen konverterad judinna 1<\/div>\n<div>Ett Jehovas vittne 1<\/div>\n<div>Tyska\/\u00f6sterrikiska kvinnor 5<\/div>\n<div>&#8211; delvis med i siffrorna ovan som judinnor men \u00e4ven en icke-judisk kvinna som misst\u00e4nktes f\u00f6r att vara l\u00e4gervakt<\/div>\n<div>\u2013Brott mot arbetsplikt, motst\u00e5nd mm<\/div>\n<div><a href=\"http:\/\/xn--skuggorfrndetfrflutna-02b01b.se\/wp-content\/uploads\/2013\/09\/Maria-Olzak-f\u00f6dd-6.6-1887-baksidan-19.7-1945.jpg\"><img loading=\"lazy\" decoding=\"async\" class=\"alignnone size-medium wp-image-475\" alt=\"Maria Olzak f\u00f6dd 6.6 1887, baksidan 19.7 1945\" src=\"http:\/\/xn--skuggorfrndetfrflutna-02b01b.se\/wp-content\/uploads\/2013\/09\/Maria-Olzak-f\u00f6dd-6.6-1887-baksidan-19.7-1945-297x300.jpg\" width=\"297\" height=\"300\" srcset=\"http:\/\/xn--skuggorfrndetfrflutna-02b01b.se\/wp-content\/uploads\/2013\/09\/Maria-Olzak-f\u00f6dd-6.6-1887-baksidan-19.7-1945-297x300.jpg 297w, http:\/\/xn--skuggorfrndetfrflutna-02b01b.se\/wp-content\/uploads\/2013\/09\/Maria-Olzak-f\u00f6dd-6.6-1887-baksidan-19.7-1945-1015x1024.jpg 1015w, http:\/\/xn--skuggorfrndetfrflutna-02b01b.se\/wp-content\/uploads\/2013\/09\/Maria-Olzak-f\u00f6dd-6.6-1887-baksidan-19.7-1945.jpg 1078w\" sizes=\"auto, (max-width: 297px) 100vw, 297px\" \/><\/a><a href=\"http:\/\/xn--skuggorfrndetfrflutna-02b01b.se\/wp-content\/uploads\/2013\/09\/Marta-Feliga-f.-19.11-1905.jpg\"><img loading=\"lazy\" decoding=\"async\" class=\"alignnone size-medium wp-image-474\" alt=\"Marta Feliga f. 19.11 1905\" src=\"http:\/\/xn--skuggorfrndetfrflutna-02b01b.se\/wp-content\/uploads\/2013\/09\/Marta-Feliga-f.-19.11-1905-233x300.jpg\" width=\"233\" height=\"300\" srcset=\"http:\/\/xn--skuggorfrndetfrflutna-02b01b.se\/wp-content\/uploads\/2013\/09\/Marta-Feliga-f.-19.11-1905-233x300.jpg 233w, http:\/\/xn--skuggorfrndetfrflutna-02b01b.se\/wp-content\/uploads\/2013\/09\/Marta-Feliga-f.-19.11-1905-798x1024.jpg 798w, http:\/\/xn--skuggorfrndetfrflutna-02b01b.se\/wp-content\/uploads\/2013\/09\/Marta-Feliga-f.-19.11-1905.jpg 1169w\" sizes=\"auto, (max-width: 233px) 100vw, 233px\" \/><\/a><a href=\"http:\/\/xn--skuggorfrndetfrflutna-02b01b.se\/wp-content\/uploads\/2013\/09\/Sommaren-45-Arbetsam-och-god.jpg\"><img loading=\"lazy\" decoding=\"async\" class=\"alignnone size-medium wp-image-473\" alt=\"Sommaren 45, Arbetsam och god\" src=\"http:\/\/xn--skuggorfrndetfrflutna-02b01b.se\/wp-content\/uploads\/2013\/09\/Sommaren-45-Arbetsam-och-god-270x300.jpg\" width=\"270\" height=\"300\" srcset=\"http:\/\/xn--skuggorfrndetfrflutna-02b01b.se\/wp-content\/uploads\/2013\/09\/Sommaren-45-Arbetsam-och-god-270x300.jpg 270w, http:\/\/xn--skuggorfrndetfrflutna-02b01b.se\/wp-content\/uploads\/2013\/09\/Sommaren-45-Arbetsam-och-god-924x1024.jpg 924w, http:\/\/xn--skuggorfrndetfrflutna-02b01b.se\/wp-content\/uploads\/2013\/09\/Sommaren-45-Arbetsam-och-god.jpg 1244w\" sizes=\"auto, (max-width: 270px) 100vw, 270px\" \/><\/a><\/div>\n<div><\/div>\n<div>Bilder fr\u00e5n Anita M\u00e5rd.<\/div>\n","protected":false},"excerpt":{"rendered":"<p>Till beredskapssjukhuset kommer sannolikt 247 kvinnor kortare eller l\u00e4ngre tid 1945. Av dessa har vi namnen p\u00e5 245. Vi v\u00e4ljer att endast publicera korrekt f\u00f6rnamn och efternamnets f\u00f6rsta bokstav med h\u00e4nsyn till att vi anv\u00e4nder oss av dokument och sjukuppgifter som fr\u00e5n b\u00f6rjan inte avs\u00e5gs att n\u00e5 offentlighet. N\u00e5gra av kvinnorna har vi hittat p\u00e5 &hellip; <\/p>\n<p><a class=\"more-link btn\" href=\"http:\/\/xn--skuggorfrndetfrflutna-02b01b.se\/?page_id=293\">Forts\u00e4tt l\u00e4sa<\/a><\/p>\n","protected":false},"author":1,"featured_media":0,"parent":0,"menu_order":0,"comment_status":"closed","ping_status":"open","template":"","meta":{"_monsterinsights_skip_tracking":false,"_monsterinsights_sitenote_active":false,"_monsterinsights_sitenote_note":"","_monsterinsights_sitenote_category":0,"footnotes":""},"class_list":["post-293","page","type-page","status-publish","hentry","nodate","item-wrap"],"jetpack_sharing_enabled":true,"_links":{"self":[{"href":"http:\/\/xn--skuggorfrndetfrflutna-02b01b.se\/index.php?rest_route=\/wp\/v2\/pages\/293","targetHints":{"allow":["GET"]}}],"collection":[{"href":"http:\/\/xn--skuggorfrndetfrflutna-02b01b.se\/index.php?rest_route=\/wp\/v2\/pages"}],"about":[{"href":"http:\/\/xn--skuggorfrndetfrflutna-02b01b.se\/index.php?rest_route=\/wp\/v2\/types\/page"}],"author":[{"embeddable":true,"href":"http:\/\/xn--skuggorfrndetfrflutna-02b01b.se\/index.php?rest_route=\/wp\/v2\/users\/1"}],"replies":[{"embeddable":true,"href":"http:\/\/xn--skuggorfrndetfrflutna-02b01b.se\/index.php?rest_route=%2Fwp%2Fv2%2Fcomments&post=293"}],"version-history":[{"count":9,"href":"http:\/\/xn--skuggorfrndetfrflutna-02b01b.se\/index.php?rest_route=\/wp\/v2\/pages\/293\/revisions"}],"predecessor-version":[{"id":1183,"href":"http:\/\/xn--skuggorfrndetfrflutna-02b01b.se\/index.php?rest_route=\/wp\/v2\/pages\/293\/revisions\/1183"}],"wp:attachment":[{"href":"http:\/\/xn--skuggorfrndetfrflutna-02b01b.se\/index.php?rest_route=%2Fwp%2Fv2%2Fmedia&parent=293"}],"curies":[{"name":"wp","href":"https:\/\/api.w.org\/{rel}","templated":true}]}}