{"id":2900,"date":"2016-07-02T15:23:22","date_gmt":"2016-07-02T15:23:22","guid":{"rendered":"http:\/\/skugg.wopsa.se\/?page_id=2900"},"modified":"2016-07-02T15:23:22","modified_gmt":"2016-07-02T15:23:22","slug":"dachau-3","status":"publish","type":"page","link":"http:\/\/xn--skuggorfrndetfrflutna-02b01b.se\/?page_id=2900","title":{"rendered":"Dachau"},"content":{"rendered":"<p style=\"text-align: justify;\">Dachau var det f\u00f6rsta nazityska koncentrationsl\u00e4gret. Det l\u00e5g 15 kilometer nordv\u00e4st om M\u00fcnchen i en nedlagd ammunitionsfabrik. 20 mars 1933 gick Heinrich Himmler ut med att l\u00e4gret skulle ha 5000 f\u00e5ngar. 22 mars ankom de f\u00f6rsta f\u00e5ngarna till Dachau. De bevakades av polisen tills SS tog \u00f6ver i april. En man med namn Theodor Eicke var den som startade och organiserade l\u00e4gret. Det man ville ha ut av l\u00e4gret var att sprids skr\u00e4ck i Tyskland f\u00f6r att tysta de om vad nazisterna gjort. Theodor Eicke blev senare blev inspekt\u00f6r f\u00f6r alla andra koncentrationsl\u00e4ger i Tyskland.<\/p>\n<p style=\"text-align: justify;\">I l\u00e4gret Dachau satt det knappt n\u00e5gra judar. Det var mest politiska f\u00e5ngar som var mot nazisterna. De judar som kom dit var k\u00e4nda motst\u00e5ndare till nazisterna. Famnas \u00e4ven kriminella och romer.<\/p>\n<p style=\"text-align: justify;\">Efter den 9:e november d\u00e5 kristallnatten varade kom 10 000 f\u00e5ngar till Dachau fr\u00e5n m\u00e5nga olika koncentrationsl\u00e4ger i Tyskland. Dachau fanns i 12 \u00e5r och hade 200 000 f\u00e5ngar. Det s\u00e4gs att det var 30 000 d\u00f6dsfall i l\u00e4gret under f\u00f6rintelsen men var antagligen fler. De flesta av de dog av hungersn\u00f6d och sjukdomar. Fanns \u00e4ven vissa som blev skjutna. Gaskamrarna i Dachau anv\u00e4ndes aldrig till att d\u00f6da m\u00e4nniskor. Amerikanska trupper tog \u00f6ver Dachau 29:e april 1945.<\/p>\n<p style=\"text-align: justify;\">K\u00e4lla: www.levandehistoria.se<\/p>\n<p style=\"text-align: justify;\">Jakob Forsberg 9A 2016<\/p>\n","protected":false},"excerpt":{"rendered":"<p>Dachau var det f\u00f6rsta nazityska koncentrationsl\u00e4gret. Det l\u00e5g 15 kilometer nordv\u00e4st om M\u00fcnchen i en nedlagd ammunitionsfabrik. 20 mars 1933 gick Heinrich Himmler ut med att l\u00e4gret skulle ha 5000 f\u00e5ngar. 22 mars ankom de f\u00f6rsta f\u00e5ngarna till Dachau. De bevakades av polisen tills SS tog \u00f6ver i april. En man med namn Theodor Eicke &hellip; <\/p>\n<p><a class=\"more-link btn\" href=\"http:\/\/xn--skuggorfrndetfrflutna-02b01b.se\/?page_id=2900\">Forts\u00e4tt l\u00e4sa<\/a><\/p>\n","protected":false},"author":1,"featured_media":0,"parent":0,"menu_order":0,"comment_status":"closed","ping_status":"closed","template":"","meta":{"_monsterinsights_skip_tracking":false,"_monsterinsights_sitenote_active":false,"_monsterinsights_sitenote_note":"","_monsterinsights_sitenote_category":0,"footnotes":""},"class_list":["post-2900","page","type-page","status-publish","hentry","nodate","item-wrap"],"jetpack_sharing_enabled":true,"_links":{"self":[{"href":"http:\/\/xn--skuggorfrndetfrflutna-02b01b.se\/index.php?rest_route=\/wp\/v2\/pages\/2900","targetHints":{"allow":["GET"]}}],"collection":[{"href":"http:\/\/xn--skuggorfrndetfrflutna-02b01b.se\/index.php?rest_route=\/wp\/v2\/pages"}],"about":[{"href":"http:\/\/xn--skuggorfrndetfrflutna-02b01b.se\/index.php?rest_route=\/wp\/v2\/types\/page"}],"author":[{"embeddable":true,"href":"http:\/\/xn--skuggorfrndetfrflutna-02b01b.se\/index.php?rest_route=\/wp\/v2\/users\/1"}],"replies":[{"embeddable":true,"href":"http:\/\/xn--skuggorfrndetfrflutna-02b01b.se\/index.php?rest_route=%2Fwp%2Fv2%2Fcomments&post=2900"}],"version-history":[{"count":1,"href":"http:\/\/xn--skuggorfrndetfrflutna-02b01b.se\/index.php?rest_route=\/wp\/v2\/pages\/2900\/revisions"}],"predecessor-version":[{"id":2902,"href":"http:\/\/xn--skuggorfrndetfrflutna-02b01b.se\/index.php?rest_route=\/wp\/v2\/pages\/2900\/revisions\/2902"}],"wp:attachment":[{"href":"http:\/\/xn--skuggorfrndetfrflutna-02b01b.se\/index.php?rest_route=%2Fwp%2Fv2%2Fmedia&parent=2900"}],"curies":[{"name":"wp","href":"https:\/\/api.w.org\/{rel}","templated":true}]}}