{"id":2870,"date":"2016-07-02T13:37:02","date_gmt":"2016-07-02T13:37:02","guid":{"rendered":"http:\/\/skugg.wopsa.se\/?page_id=2870"},"modified":"2016-07-02T13:37:02","modified_gmt":"2016-07-02T13:37:02","slug":"bergen-belsen-9","status":"publish","type":"page","link":"http:\/\/xn--skuggorfrndetfrflutna-02b01b.se\/?page_id=2870","title":{"rendered":"Bergen Belsen"},"content":{"rendered":"<p style=\"text-align: justify;\">F\u00f6rintelsel\u00e4gret Bergen Belsen startades i april 1943 i norra Tyskland. Platsen d\u00e4r l\u00e4gret var hade tidigare anv\u00e4nts som krigsf\u00e5nge-l\u00e4ger. Det var inte m\u00e5nga av judarna som blivit f\u00e5ngar i Bergen Belsen som kom till friheten. Sj\u00e4lvaste l\u00e4gret var uppdelat i fem olika delar beroende p\u00e5 varifr\u00e5n man kom.<\/p>\n<p style=\"text-align: justify;\">Den f\u00f6rsta delen var runt 500 st och de kom ifr\u00e5n Buchenwald och Natzweiler. De kom f\u00f6r att bygga upp hela l\u00e4gret. Denna del st\u00e4ngdes i februari 1944 och judarna \u00f6verl\u00e4mnades till Sachsenhausen.\u00a0Den andra delen startades i juni 1943 till ca 2400 polska judar som kom ifr\u00e5n Warszawa, Krakow och Lovo. De alla hade tillst\u00e5nd att resa till Sydamerikanska l\u00e4nder men de flesta deporterades till Auschwitz vid \u00e5rsskiftet 1943-1944.\u00a0Den tredje delen startades i juli 1944 f\u00f6r judar fr\u00e5n bland annat Spanien, Portugal, Turkiet och Argentina. De som bodde i denna del var mer fria \u00e4n m\u00e5nga andra judar vilket gjorde att de blev b\u00e4ttre behandlade.<\/p>\n<p style=\"text-align: justify;\">Den fj\u00e4rde och st\u00f6rsta delen startades i juli 1944 , denna del var kallad stj\u00e4rnl\u00e4gret (the Star camp). Det bodde runt 4000 judar fr\u00e5n band annat Frankrike, Jugoslavien, Albanien och flest ifr\u00e5n Holland. De skulle anv\u00e4ndas som utv\u00e4xlingsobjekt f\u00f6r tyska medborgare. De som bodde h\u00e4r var ocks\u00e5 mer fria, de beh\u00f6vde tex inte ha f\u00e5ngkl\u00e4der men de beh\u00f6vde b\u00e4ra jude stj\u00e4rnan.<\/p>\n<p style=\"text-align: justify;\"><span id=\"more-2631\"><\/span>Det sista l\u00e4gret startades i juli 1944. Dit kom judar ifr\u00e5n Ungern. De kom 1684 judar som alla hade tillst\u00e5nd att \u00e5ka till Schweiz vilket de fick g\u00f6ra under h\u00f6sten 1944.\u00a0I mars 1944 b\u00f6rjade nazisterna skicka fler judar till Bergen Belsen. Det var bland annat sjuka och svaga judar men de flesta dog under en kortare period. I oktober kom det kvinnor som hade varit i Auschwitz. En av alla dessa kvinnor var 15-\u00e5riga Anne Frank och hennes \u00e4ldre syster. De hade flytt till Holland 1933 och sommaren 1942 l\u00e4mna de Holland och h\u00f6ll sig g\u00f6mda p\u00e5 en vind och det var d\u00e4r Anne Frank skrev sin ber\u00f6mda dagbok.<\/p>\n<p style=\"text-align: justify;\">Den 15 april 1945 befriade brittiska styrkor ca 60000 sv\u00e4ltande och sjuka f\u00e5ngar. 14000 dog av sv\u00e5ra sjukdomar och undern\u00e4ring under de f\u00f6rsta veckorna. De dog \u00e4ven av att de brittiska styrkorna inte var vana med sv\u00e4ltande m\u00e4nniskor s\u00e5 de gav de inte r\u00e4tt mat s\u00e5 flera dog \u00e4ven av det.\u00a0Den 17 september \u00e5talades 45 personer ur l\u00e4gerpersonalen till en r\u00e4tteg\u00e5ng. De flesta d\u00f6mdes till f\u00e4ngelsestraff och n\u00e5gra frisl\u00e4pptes. Det var \u00e4ven 11 stycken som d\u00f6mdes till d\u00f6den och h\u00e4ngdes 12 december 1945.<\/p>\n<p style=\"text-align: justify;\">K\u00e4lla:\u00a0http:\/\/www.levandehistoria.se\/fakta-om-forintelsen\/forintelsen\/koncentrationslager\/bergen-belsen<\/p>\n<p style=\"text-align: justify;\">Maja T 9A, vt 2016<\/p>\n","protected":false},"excerpt":{"rendered":"<p>F\u00f6rintelsel\u00e4gret Bergen Belsen startades i april 1943 i norra Tyskland. Platsen d\u00e4r l\u00e4gret var hade tidigare anv\u00e4nts som krigsf\u00e5nge-l\u00e4ger. Det var inte m\u00e5nga av judarna som blivit f\u00e5ngar i Bergen Belsen som kom till friheten. Sj\u00e4lvaste l\u00e4gret var uppdelat i fem olika delar beroende p\u00e5 varifr\u00e5n man kom. Den f\u00f6rsta delen var runt 500 st &hellip; <\/p>\n<p><a class=\"more-link btn\" href=\"http:\/\/xn--skuggorfrndetfrflutna-02b01b.se\/?page_id=2870\">Forts\u00e4tt l\u00e4sa<\/a><\/p>\n","protected":false},"author":1,"featured_media":0,"parent":0,"menu_order":0,"comment_status":"closed","ping_status":"closed","template":"","meta":{"_monsterinsights_skip_tracking":false,"_monsterinsights_sitenote_active":false,"_monsterinsights_sitenote_note":"","_monsterinsights_sitenote_category":0,"footnotes":""},"class_list":["post-2870","page","type-page","status-publish","hentry","nodate","item-wrap"],"jetpack_sharing_enabled":true,"_links":{"self":[{"href":"http:\/\/xn--skuggorfrndetfrflutna-02b01b.se\/index.php?rest_route=\/wp\/v2\/pages\/2870","targetHints":{"allow":["GET"]}}],"collection":[{"href":"http:\/\/xn--skuggorfrndetfrflutna-02b01b.se\/index.php?rest_route=\/wp\/v2\/pages"}],"about":[{"href":"http:\/\/xn--skuggorfrndetfrflutna-02b01b.se\/index.php?rest_route=\/wp\/v2\/types\/page"}],"author":[{"embeddable":true,"href":"http:\/\/xn--skuggorfrndetfrflutna-02b01b.se\/index.php?rest_route=\/wp\/v2\/users\/1"}],"replies":[{"embeddable":true,"href":"http:\/\/xn--skuggorfrndetfrflutna-02b01b.se\/index.php?rest_route=%2Fwp%2Fv2%2Fcomments&post=2870"}],"version-history":[{"count":1,"href":"http:\/\/xn--skuggorfrndetfrflutna-02b01b.se\/index.php?rest_route=\/wp\/v2\/pages\/2870\/revisions"}],"predecessor-version":[{"id":2872,"href":"http:\/\/xn--skuggorfrndetfrflutna-02b01b.se\/index.php?rest_route=\/wp\/v2\/pages\/2870\/revisions\/2872"}],"wp:attachment":[{"href":"http:\/\/xn--skuggorfrndetfrflutna-02b01b.se\/index.php?rest_route=%2Fwp%2Fv2%2Fmedia&parent=2870"}],"curies":[{"name":"wp","href":"https:\/\/api.w.org\/{rel}","templated":true}]}}