{"id":2867,"date":"2016-07-02T13:35:07","date_gmt":"2016-07-02T13:35:07","guid":{"rendered":"http:\/\/skugg.wopsa.se\/?page_id=2867"},"modified":"2016-07-02T13:35:07","modified_gmt":"2016-07-02T13:35:07","slug":"judith-l","status":"publish","type":"page","link":"http:\/\/xn--skuggorfrndetfrflutna-02b01b.se\/?page_id=2867","title":{"rendered":"Judith L"},"content":{"rendered":"<p style=\"text-align: justify;\">Judith f\u00f6ddes den 9 september 1929 i Gorodno, Ungern. Hon var dotter till Miklos L och Marigit. Hennes pappa dog 1933 n\u00e4r hon bara var 4 \u00e5r. Hon hade \u00e4ven en mindre bror. N\u00e4r hon v\u00e4xte upp gick hon f\u00f6rst p\u00e5 folkh\u00f6gskola i fyra \u00e5r, sen p\u00e5 flickl\u00e4roverket i fyra \u00e5r och avslutade sin skolg\u00e5ng med realexamen 1943.<\/p>\n<p style=\"text-align: justify;\">I maj 1944 h\u00e4nde n\u00e5got som f\u00f6r\u00e4ndrade hela hennes liv. Judith, hennes mamma och hennes lillebror bortf\u00f6rda av den nazistiska regimen till koncentrationsl\u00e4ger. De f\u00f6rsta l\u00e4gret de kom till var Auschwitz i fem m\u00e5nader. Efter Auschwitz kom de till Hochweiler i ungef\u00e4r fem m\u00e5nader. Och sista l\u00e4gret var bergen Belsen fr\u00e5n februari 1945 till april 1945. Alla av de som fanns kvar i hennes familj dog i koncentrationsl\u00e4gren. Och hennes mamma och bror dog 1944.<\/p>\n<p style=\"text-align: justify;\">Den 22 juli 1945 kom hon till Sverige med R\u00f6da korsets bilar. D\u00e5 v\u00e4gde hon bara 20 kg. N\u00e4r hon kommit till Sverige kom hon f\u00f6rst till Malm\u00f6 sjukhus d\u00e4r hon var i ungef\u00e4r en m\u00e5nad. Efter Malm\u00f6 kom hon till Engelbrektsskolan f\u00f6r att f\u00e5 ytligare sjukv\u00e5rd. I november 1945 l\u00e4mnade hon \u00d6rebro och \u00e5kte till Kalmar sjukhus. Det var under denna period Judith blev friskf\u00f6rklarad. D\u00e5 v\u00e4gde hon runt 36 kg.<\/p>\n<p style=\"text-align: justify;\">I maj 1936 \u00e5kte hon till Ryds Brunns f\u00f6rl\u00e4ggning som ligger i n\u00e4rheten av V\u00e4xj\u00f6. 1946 i september b\u00f6rjade hon p\u00e5 internatskola i Dalarna och i februari 1948 kom hon tillbaka till \u00d6rebro f\u00f6r att skaffa jobb.<\/p>\n<p style=\"text-align: justify;\"><span id=\"more-2629\"><\/span>Judith hat jobbat p\u00e5 m\u00e5nga olika jobb i \u00d6rebro som till exempel s\u00f6mmerska fr\u00e5n n\u00e4r hon kom till Sverige till 10\/4-1948, kartongvikerska fr\u00e5n 13\/4-1948 till 13\/6-1949, fabriksarbetare p\u00e5 AB Hendrikssons tekniska fabrik fr\u00e5n 15\/9-1949 till 14\/12-1949. Till sist jobba hon som lager bitr\u00e4dande i \u00d6rebro l\u00e4ns \u00e4ggcentral fr\u00e5n 12\/4-1950 tills hon flyttade ifr\u00e5n Sverige.<\/p>\n<p style=\"text-align: justify;\">Den 4 januari 1951 var hon 22\u00e5r och d\u00e5 valde hon att l\u00e4mna Sverige och flyttade till USA.<\/p>\n<p style=\"text-align: justify;\">K\u00e4lla: Dossier Statens utl\u00e4nningskommission, Riksarkivet<\/p>\n<p style=\"text-align: justify;\">Maja T 9A<\/p>\n","protected":false},"excerpt":{"rendered":"<p>Judith f\u00f6ddes den 9 september 1929 i Gorodno, Ungern. Hon var dotter till Miklos L och Marigit. Hennes pappa dog 1933 n\u00e4r hon bara var 4 \u00e5r. Hon hade \u00e4ven en mindre bror. N\u00e4r hon v\u00e4xte upp gick hon f\u00f6rst p\u00e5 folkh\u00f6gskola i fyra \u00e5r, sen p\u00e5 flickl\u00e4roverket i fyra \u00e5r och avslutade sin skolg\u00e5ng &hellip; <\/p>\n<p><a class=\"more-link btn\" href=\"http:\/\/xn--skuggorfrndetfrflutna-02b01b.se\/?page_id=2867\">Forts\u00e4tt l\u00e4sa<\/a><\/p>\n","protected":false},"author":1,"featured_media":0,"parent":0,"menu_order":0,"comment_status":"closed","ping_status":"closed","template":"","meta":{"_monsterinsights_skip_tracking":false,"_monsterinsights_sitenote_active":false,"_monsterinsights_sitenote_note":"","_monsterinsights_sitenote_category":0,"footnotes":""},"class_list":["post-2867","page","type-page","status-publish","hentry","nodate","item-wrap"],"jetpack_sharing_enabled":true,"_links":{"self":[{"href":"http:\/\/xn--skuggorfrndetfrflutna-02b01b.se\/index.php?rest_route=\/wp\/v2\/pages\/2867","targetHints":{"allow":["GET"]}}],"collection":[{"href":"http:\/\/xn--skuggorfrndetfrflutna-02b01b.se\/index.php?rest_route=\/wp\/v2\/pages"}],"about":[{"href":"http:\/\/xn--skuggorfrndetfrflutna-02b01b.se\/index.php?rest_route=\/wp\/v2\/types\/page"}],"author":[{"embeddable":true,"href":"http:\/\/xn--skuggorfrndetfrflutna-02b01b.se\/index.php?rest_route=\/wp\/v2\/users\/1"}],"replies":[{"embeddable":true,"href":"http:\/\/xn--skuggorfrndetfrflutna-02b01b.se\/index.php?rest_route=%2Fwp%2Fv2%2Fcomments&post=2867"}],"version-history":[{"count":1,"href":"http:\/\/xn--skuggorfrndetfrflutna-02b01b.se\/index.php?rest_route=\/wp\/v2\/pages\/2867\/revisions"}],"predecessor-version":[{"id":2869,"href":"http:\/\/xn--skuggorfrndetfrflutna-02b01b.se\/index.php?rest_route=\/wp\/v2\/pages\/2867\/revisions\/2869"}],"wp:attachment":[{"href":"http:\/\/xn--skuggorfrndetfrflutna-02b01b.se\/index.php?rest_route=%2Fwp%2Fv2%2Fmedia&parent=2867"}],"curies":[{"name":"wp","href":"https:\/\/api.w.org\/{rel}","templated":true}]}}