{"id":2823,"date":"2016-07-02T10:36:54","date_gmt":"2016-07-02T10:36:54","guid":{"rendered":"http:\/\/skugg.wopsa.se\/?page_id=2823"},"modified":"2016-07-02T10:45:51","modified_gmt":"2016-07-02T10:45:51","slug":"eszter-b","status":"publish","type":"page","link":"http:\/\/xn--skuggorfrndetfrflutna-02b01b.se\/?page_id=2823","title":{"rendered":"Eszter B"},"content":{"rendered":"<p style=\"text-align: justify;\">Eszter B f\u00f6ddes den 4 januari 1932 i Papa, Ungern. Hennes pappa Zoltan B f\u00f6ddes 1895 och var gift med Elsa f\u00f6dd 1901, som polack. Eszter hade en bror, Ern\u00f6, f\u00f6dd 1921 och en syster, Adel, f\u00f6dd 1923. Hon gick fyra \u00e5r i borgskola och ett \u00e5r i folkskola. Den 18 maj 1944 blev Eszter och hennes familj skickade till Auschwitz i Polen. D\u00e4rifr\u00e5n blev hon flyttad till ett arbetsl\u00e4ger i Bresalau, senare vidare till Gross-Rosen och till sist vidare till Bergen-Belsen, alla i Tyskland. Det var n\u00e4r Eszter var i Bergen-Belsen som som engelsm\u00e4nnen kom. Via england kom Eszter till Sverige den 7 juli 1945 till Malm\u00f6, hon v\u00e4gde d\u00e5 45 kg. Efter en tid i Sk\u00e5ne blev Eszter skickad till \u00d6rebro beredskapssjukhus den 21 augusti 1945, d\u00e5 15 \u00e5r gammal. Under h\u00f6sten 1945 bodde hon p\u00e5 Engelbrekt och gick i svensk skola tillsammans med Ulla Birgitta P\u00e5lsg\u00e5rd.<\/p>\n<p style=\"text-align: justify;\">Ulla ber\u00e4ttar f\u00f6ljande:<br \/>\n\u201cJag var 11 \u00e5r 1945 och gick i femte klass tror jag. Vi flyttades \u00f6ver till den kommunala mellanskolan p\u00e5 andra sidan. Min fr\u00f6ken hette Ruth Blomqvist. Det var tv\u00e5 femteklasser som fick flytta tv\u00e4rs \u00f6ver gatan. Den 24 maj fyllde jag 11 \u00e5r. Vinhurrade att Hitler var d\u00f6d minns jag\u2026<\/p>\n<p style=\"text-align: justify;\">Jag kommer ih\u00e5g grinden och vaktm\u00e4starbostaden, jag har ett svagt minne av polisen som var en som man skulle akta sig f\u00f6r\u2026<\/p>\n<p style=\"text-align: justify;\">Jag var ju d\u00e4r vid grinden och h\u00e4ngde och gav dem pajer som mamma lagade och f\u00e4rska bullar. Det var inte s\u00e5 m\u00e5nga d\u00e4r, bara jag och n\u00e5gra till\u2026 Flickorna var Jozca, Rosi och Eszter.<\/p>\n<p style=\"text-align: justify;\"><span id=\"more-2676\"><\/span>Jag som 11-\u00e5rig fick f\u00f6r mig att de skulle g\u00e5 i min klass. Jag travade iv\u00e4g och fr\u00e5gade folkskoleinpekt\u00f6ren, Warne tror jag han hette, om tv\u00e5 av flickorna fick g\u00e5 i min klass\u2026 Tre dagar senare blev jag inkallad till min fr\u00f6ken. -Vad har du gjort? De s\u00e4ger att jag ska ha tv\u00e5 elever till! Jag blev livr\u00e4dd. Men tv\u00e5 av flickorna Rosi och Eszter, kom till klassen\u2026<\/p>\n<p style=\"text-align: justify;\">De var tvugna att ha passersedel f\u00f6r att komma ut och andra f\u00f6r att komma in, polisen fl\u00f6rtade med en flicka och f\u00e5 smet jag in. Det var f\u00f6rbjudet. Jag tror att det var Jozca som ville visa hur hon bodde. Det var ganska ot\u00e4ckt. Hon h\u00f6ll mig i handen f\u00f6r hon f\u00f6rstod s\u00e4kert hur jag skulle reagera. Jag minns att det stod m\u00e5nga s\u00e4ngar i skolsalarna och i korridorerna\u2026<\/p>\n<p style=\"text-align: justify;\">\u2026Jag minns att alla tre hade nummer intatuerat. Eszter kom fr\u00e5n Ungern och Jozca kom fr\u00e5n Jugoslavien tror jag\u2026<\/p>\n<p style=\"text-align: justify;\">Flickorna upptr\u00e4dde helt normalt. M\u00e5nga av \u00e4ldre damerna var magra, skygga och betedde sig lite annorlunda\u2026 Fyra av fem av kvinnorna gifte sig men svenska m\u00e4n och blev kvar i \u00d6rebro. Dom s\u00e5g jag senare p\u00e5 stan n\u00e5gon g\u00e5ng\u2026 Jag har funderat mycket p\u00e5 de h\u00e4r flickorna. Jag fick ett brev att Eszter p\u00e5 ungerska, jag fick det \u00f6versatt, men jag har tyv\u00e4rr inte kvar det.\u201d<\/p>\n<p style=\"text-align: justify;\">Eszter l\u00e4mnade Sverige den 18 oktober 1946 genom Bromma f\u00f6r att bos\u00e4tta sig i Chile hos sin kusin Jos\u00e9 K. D\u00e5 v\u00e4gde hon 50 kilo.<\/p>\n<p style=\"text-align: justify;\"><a href=\"http:\/\/skugg.wopsa.se\/?attachment_id=458\" rel=\"attachment wp-att-458\"><img loading=\"lazy\" decoding=\"async\" class=\"alignnone  wp-image-458\" src=\"http:\/\/skugg.wopsa.se\/wp-content\/uploads\/2013\/09\/e.jpg\" alt=\"e\" width=\"310\" height=\"459\" srcset=\"http:\/\/xn--skuggorfrndetfrflutna-02b01b.se\/wp-content\/uploads\/2013\/09\/e.jpg 239w, http:\/\/xn--skuggorfrndetfrflutna-02b01b.se\/wp-content\/uploads\/2013\/09\/e-202x300.jpg 202w\" sizes=\"auto, (max-width: 310px) 100vw, 310px\" \/><\/a><\/p>\n<p style=\"text-align: justify;\">\n<p style=\"text-align: justify;\">K\u00e4llor:<\/p>\n<p style=\"text-align: justify;\">Dossier Statens utl\u00e4nningskommission, Riksarkivet<\/p>\n<p style=\"text-align: justify;\">Intervjuutdrag med Ulla-Birgitta P\u00e5lsg\u00e5rd fr\u00e5n 2011.<\/p>\n<p style=\"text-align: justify;\">Ellen B 9A vt 2016<\/p>\n","protected":false},"excerpt":{"rendered":"<p>Eszter B f\u00f6ddes den 4 januari 1932 i Papa, Ungern. Hennes pappa Zoltan B f\u00f6ddes 1895 och var gift med Elsa f\u00f6dd 1901, som polack. Eszter hade en bror, Ern\u00f6, f\u00f6dd 1921 och en syster, Adel, f\u00f6dd 1923. Hon gick fyra \u00e5r i borgskola och ett \u00e5r i folkskola. Den 18 maj 1944 blev Eszter &hellip; <\/p>\n<p><a class=\"more-link btn\" href=\"http:\/\/xn--skuggorfrndetfrflutna-02b01b.se\/?page_id=2823\">Forts\u00e4tt l\u00e4sa<\/a><\/p>\n","protected":false},"author":1,"featured_media":0,"parent":0,"menu_order":0,"comment_status":"closed","ping_status":"closed","template":"","meta":{"_monsterinsights_skip_tracking":false,"_monsterinsights_sitenote_active":false,"_monsterinsights_sitenote_note":"","_monsterinsights_sitenote_category":0,"footnotes":""},"class_list":["post-2823","page","type-page","status-publish","hentry","nodate","item-wrap"],"jetpack_sharing_enabled":true,"_links":{"self":[{"href":"http:\/\/xn--skuggorfrndetfrflutna-02b01b.se\/index.php?rest_route=\/wp\/v2\/pages\/2823","targetHints":{"allow":["GET"]}}],"collection":[{"href":"http:\/\/xn--skuggorfrndetfrflutna-02b01b.se\/index.php?rest_route=\/wp\/v2\/pages"}],"about":[{"href":"http:\/\/xn--skuggorfrndetfrflutna-02b01b.se\/index.php?rest_route=\/wp\/v2\/types\/page"}],"author":[{"embeddable":true,"href":"http:\/\/xn--skuggorfrndetfrflutna-02b01b.se\/index.php?rest_route=\/wp\/v2\/users\/1"}],"replies":[{"embeddable":true,"href":"http:\/\/xn--skuggorfrndetfrflutna-02b01b.se\/index.php?rest_route=%2Fwp%2Fv2%2Fcomments&post=2823"}],"version-history":[{"count":2,"href":"http:\/\/xn--skuggorfrndetfrflutna-02b01b.se\/index.php?rest_route=\/wp\/v2\/pages\/2823\/revisions"}],"predecessor-version":[{"id":2829,"href":"http:\/\/xn--skuggorfrndetfrflutna-02b01b.se\/index.php?rest_route=\/wp\/v2\/pages\/2823\/revisions\/2829"}],"wp:attachment":[{"href":"http:\/\/xn--skuggorfrndetfrflutna-02b01b.se\/index.php?rest_route=%2Fwp%2Fv2%2Fmedia&parent=2823"}],"curies":[{"name":"wp","href":"https:\/\/api.w.org\/{rel}","templated":true}]}}