{"id":2820,"date":"2016-07-02T10:35:38","date_gmt":"2016-07-02T10:35:38","guid":{"rendered":"http:\/\/skugg.wopsa.se\/?page_id=2820"},"modified":"2016-07-02T10:35:38","modified_gmt":"2016-07-02T10:35:38","slug":"bergen-belsen-8","status":"publish","type":"page","link":"http:\/\/xn--skuggorfrndetfrflutna-02b01b.se\/?page_id=2820","title":{"rendered":"Bergen-Belsen"},"content":{"rendered":"<p style=\"text-align: justify;\">Bergen Belsen bildades \u00e5r 1940 i norra Tyskland av den tyska arm\u00e9n som ett l\u00e4ger f\u00f6r krigsf\u00e5ngar. Majoriteten av f\u00e5ngarna var sovjetiska. \u00c5r 1943 tog SS \u00f6ver Bergen Belsen och b\u00f6rjade sp\u00e4rra in judar d\u00e4r. Bergen Belsen blev d\u00e5 en del av nazisternas stora n\u00e4tverk av koncentrationsl\u00e4ger. Bergen Belsen var uppdelat i flera olika l\u00e4gersektioner d\u00e4r det fanns olika sorters f\u00e5ngar. Det fanns till exempel en l\u00e4gersektion f\u00f6r judiska kvinnor.<\/p>\n<p style=\"text-align: justify;\">Bergen Belsen var egentligen ett genomg\u00e5ngs l\u00e4ger f\u00f6r judar som skulle utbytas mot tyska medborgare i de allierade l\u00e4nderna eller som hade inresetillst\u00e5nd till n\u00e5got neutralt land. Det var dock inte m\u00e5nga som n\u00e5dde friheten efter de hade kommit till Bergen Belsen. Det fanns inga gaskammare i Bergen Belsen men trots det m\u00f6rdades tusentals m\u00e4nniskor i l\u00e4gret genom tortyr och undern\u00e4ring. Det var inte bara judar som m\u00f6rdades utan \u00e4ven till exempel homosexuella, Jehovas vittnen, romer och krigsf\u00e5ngar.<\/p>\n<p style=\"text-align: justify;\"><span id=\"more-2680\"><\/span>Bergen- Belsen blev ett regelr\u00e4tt koncentrationsl\u00e4ger under v\u00e5ren 1944. I mars b\u00f6rjade nazisterna skicka dit sjuka och svaga f\u00e5ngar fr\u00e5n andra l\u00e4ger varav de flesta av dem dog. I oktober transporterades ytterligare judiska f\u00e5ngar fr\u00e5n Auschwitz till Bergen-Belsen. I slutet av 1944 och i b\u00f6rjan p\u00e5 1945 b\u00f6rjade man evakuera koncentrationsl\u00e4gren p\u00e5 \u00f6stfronten. D\u00e5 s\u00e4ndes tiotusentals judar ut p\u00e5 s\u00e5 kallade d\u00f6dsmarscher och slutstationen var Bergen Belsen. F\u00f6ljen av detta blev att Bergen Belsen blev extremt \u00f6verbefolkat. I juni \u00e5r 1944 hade det funnits ungef\u00e4r 7300 f\u00e5ngar i l\u00e4gret, i april 1945 hade antalet stigit till 60 000 f\u00e5ngar. Detta gjorde att f\u00f6rh\u00e5llandena i l\u00e4gret f\u00f6rs\u00e4mrades drastiskt. M\u00e5nga av de nyanl\u00e4nda f\u00e5ngarna fick inte tak \u00f6ver huvudet och livs- och vattenf\u00f6rs\u00f6rjningen upph\u00f6rde. Det br\u00f6t \u00e4ven ut en fruktansv\u00e4rd fl\u00e4cktyfusepidemi. Tiotusentals m\u00e4nniskor dog av sjukdomar och sv\u00e4lt. Det fanns ingen m\u00f6jlighet att br\u00e4nna eller gr\u00e4va ner liken s\u00e5 man b\u00f6rjade stapla kropparna i h\u00f6gar runtom l\u00e4gret.<\/p>\n<p style=\"text-align: justify;\">Bergen-Belsen befriades av brittiska trupper den 15 april \u00e5r 1945. Soldaterna m\u00f6ttes av ungef\u00e4r 60 000 sv\u00e4ltande, utm\u00e4rglade och sjuka f\u00e5ngar och h\u00f6gar med tusentals lik. Britterna avv\u00e4pnade och arresterade l\u00e4grets SS-personal och befriade 53 000 f\u00e5ngar. SS- personalen sattes sedan att flytta de ungef\u00e4r 20 000 liken fr\u00e5n l\u00e4geromr\u00e5det till massgravar. Den brittiska arm\u00e9n f\u00f6rde tyska civilpersoner och offentliga tj\u00e4nstem\u00e4n till l\u00e4gret f\u00f6r att de skulle f\u00e5 se konsekvenserna av nazisternas ideologier med egna \u00f6gon.<\/p>\n<p style=\"text-align: justify;\">\u00d6ver 70 000 m\u00e4nniskor dog i Bergen-Belsen varav en av dem var den k\u00e4nda 15 \u00e5riga flickan Anne Frank. Hon var en av de f\u00e5ngar som transporterades fr\u00e5n Auschwitz till Bergen Belsen p\u00e5 h\u00f6sten 1944. Hennes dagbok publicerades efter kriget och det \u00e4r en av v\u00e4rldens mest l\u00e4sta b\u00f6cker idag.<\/p>\n<p style=\"text-align: justify;\"><strong>K\u00e4llor:<\/strong><\/p>\n<p style=\"text-align: justify;\">https:\/\/sv.m.wikipedia.org\/wiki\/Bergen-Belsen<br \/>\nhttp:\/\/www.levandehistoria.se\/fakta-om-forintelsen\/forintelsen\/koncentrationslager\/bergen-belsen<\/p>\n<p style=\"text-align: justify;\">Emilia 9A, vt 2016<\/p>\n","protected":false},"excerpt":{"rendered":"<p>Bergen Belsen bildades \u00e5r 1940 i norra Tyskland av den tyska arm\u00e9n som ett l\u00e4ger f\u00f6r krigsf\u00e5ngar. Majoriteten av f\u00e5ngarna var sovjetiska. \u00c5r 1943 tog SS \u00f6ver Bergen Belsen och b\u00f6rjade sp\u00e4rra in judar d\u00e4r. Bergen Belsen blev d\u00e5 en del av nazisternas stora n\u00e4tverk av koncentrationsl\u00e4ger. Bergen Belsen var uppdelat i flera olika l\u00e4gersektioner &hellip; <\/p>\n<p><a class=\"more-link btn\" href=\"http:\/\/xn--skuggorfrndetfrflutna-02b01b.se\/?page_id=2820\">Forts\u00e4tt l\u00e4sa<\/a><\/p>\n","protected":false},"author":1,"featured_media":0,"parent":0,"menu_order":0,"comment_status":"closed","ping_status":"closed","template":"","meta":{"_monsterinsights_skip_tracking":false,"_monsterinsights_sitenote_active":false,"_monsterinsights_sitenote_note":"","_monsterinsights_sitenote_category":0,"footnotes":""},"class_list":["post-2820","page","type-page","status-publish","hentry","nodate","item-wrap"],"jetpack_sharing_enabled":true,"_links":{"self":[{"href":"http:\/\/xn--skuggorfrndetfrflutna-02b01b.se\/index.php?rest_route=\/wp\/v2\/pages\/2820","targetHints":{"allow":["GET"]}}],"collection":[{"href":"http:\/\/xn--skuggorfrndetfrflutna-02b01b.se\/index.php?rest_route=\/wp\/v2\/pages"}],"about":[{"href":"http:\/\/xn--skuggorfrndetfrflutna-02b01b.se\/index.php?rest_route=\/wp\/v2\/types\/page"}],"author":[{"embeddable":true,"href":"http:\/\/xn--skuggorfrndetfrflutna-02b01b.se\/index.php?rest_route=\/wp\/v2\/users\/1"}],"replies":[{"embeddable":true,"href":"http:\/\/xn--skuggorfrndetfrflutna-02b01b.se\/index.php?rest_route=%2Fwp%2Fv2%2Fcomments&post=2820"}],"version-history":[{"count":1,"href":"http:\/\/xn--skuggorfrndetfrflutna-02b01b.se\/index.php?rest_route=\/wp\/v2\/pages\/2820\/revisions"}],"predecessor-version":[{"id":2822,"href":"http:\/\/xn--skuggorfrndetfrflutna-02b01b.se\/index.php?rest_route=\/wp\/v2\/pages\/2820\/revisions\/2822"}],"wp:attachment":[{"href":"http:\/\/xn--skuggorfrndetfrflutna-02b01b.se\/index.php?rest_route=%2Fwp%2Fv2%2Fmedia&parent=2820"}],"curies":[{"name":"wp","href":"https:\/\/api.w.org\/{rel}","templated":true}]}}