{"id":188,"date":"2013-09-09T14:58:10","date_gmt":"2013-09-09T14:58:10","guid":{"rendered":"http:\/\/xn--skuggorfrndetfrflutna-02b01b.se\/?page_id=188"},"modified":"2018-01-04T21:38:31","modified_gmt":"2018-01-04T21:38:31","slug":"beredskapssjukhuset-2","status":"publish","type":"page","link":"http:\/\/xn--skuggorfrndetfrflutna-02b01b.se\/?page_id=188","title":{"rendered":"Engelbrektsskolan 1945"},"content":{"rendered":"<p><img loading=\"lazy\" decoding=\"async\" class=\"wp-image-471 aligncenter\" src=\"http:\/\/xn--skuggorfrndetfrflutna-02b01b.se\/wp-content\/uploads\/2013\/09\/Personal-och-kvinnor-1024x701.jpg\" alt=\"Personal och kvinnor\" width=\"739\" height=\"506\" srcset=\"http:\/\/xn--skuggorfrndetfrflutna-02b01b.se\/wp-content\/uploads\/2013\/09\/Personal-och-kvinnor-1024x701.jpg 1024w, http:\/\/xn--skuggorfrndetfrflutna-02b01b.se\/wp-content\/uploads\/2013\/09\/Personal-och-kvinnor-300x205.jpg 300w, http:\/\/xn--skuggorfrndetfrflutna-02b01b.se\/wp-content\/uploads\/2013\/09\/Personal-och-kvinnor.jpg 1966w\" sizes=\"auto, (max-width: 739px) 100vw, 739px\" \/><\/p>\n<p style=\"text-align: justify;\"><b>Beredskapssjukhuset p\u00e5 Engelbrektsskolan 23 maj \u2013 31 december 1945<\/b><\/p>\n<p style=\"text-align: justify;\">Det fanns m\u00e5nga beredskapssjukhus f\u00f6rberedda f\u00f6r krigssjukv\u00e5rd i Sverige under andra v\u00e4rldskriget och ett av dessa var p\u00e5 Engelbrektsskolan i \u00d6rebro.<\/p>\n<p style=\"text-align: justify;\">N\u00e4r flyktingarna i 10 000-tal i slutet av andra v\u00e4rldskriget v\u00e4lde in \u00f6ver Sveriges gr\u00e4nser aktiverade myndigheterna denna f\u00f6rberedda krigsorganisation. Den 17 maj 1945 rekvirerade Kungliga Medicinalstyrelsen Engelbrektsskolan f\u00f6r anordnande av sjukhus f\u00f6r flyktingar. Fr\u00e5n b\u00f6rjan var det t\u00e4nkt att manliga patienter skulle hamna h\u00e4r men s\u00e5 blev det inte utan enbart kvinnor kom till \u00d6rebro.<\/p>\n<p style=\"text-align: justify;\">\u00d6rebro Folkskolestyrelse protesterade genast i en skrivelse till Medicinalstyrelsen att \u00d6rebro b\u00e4st utrustade folkskola med att antal specialfunktioner inte skulle kunna anv\u00e4ndas f\u00f6r undervisning. Vid denna tidpunkt hade man sannolikt ingen aning i vilket skick patienterna befann sig i. Senare under sommaren f\u00f6rnyar Folkskolestyrelsen sin beg\u00e4ran, men har inget principiellt emot flyktingarna men anser att \u201df\u00f6rl\u00e4ggningen\u201d kunde ha l\u00f6st p\u00e5 b\u00e4ttre s\u00e4tt.<\/p>\n<p style=\"text-align: justify;\">Den 19 maj, bara tv\u00e5 dagar efter att man mottaget besked fr\u00e5n Medicinalstyrelsen, kunde \u00f6rebroarna l\u00e4sa i pressen att undervisningen p\u00e5 Engelbrektsskolan omedelbart st\u00e4llts in och att eleverna skickas hem. Den 23 maj f\u00e5r eleverna besked om att undervisningen ska \u00e5terupptas p\u00e5 Nicolaiskolan den 24 maj. Detta innebar omgjorda klasser, skoltider och nya l\u00e4rare. Man f\u00f6rs\u00f6kte utnyttja skollokalerna s\u00e5 mycket som m\u00f6jligt, en klass fick l\u00e4sa p\u00e5 f\u00f6rmiddagen och en annan klass fick l\u00e4sa p\u00e5 eftermiddagen. Matbespisning, sl\u00f6jdundervisning, skolh\u00e4lsov\u00e5rd och skoltandv\u00e5rd blev ber\u00f6rda av f\u00f6r\u00e4ndringen. Allt detta gjorde att pressen skrev en del kritiska synpunkter, man ans\u00e5g att myndigheterna borde ha kunnat placera flyktingarna p\u00e5 ett annat st\u00e4lle eller gjort allt p\u00e5 ett annat s\u00e4tt f\u00f6r att f\u00e5 mindre intr\u00e5ng p\u00e5 det normala livet. Samtidigt \u00e4r det tydligt att m\u00e5nga inv\u00e5nare i \u00d6rebro sk\u00e4nkte kl\u00e4der och p\u00e5 andra s\u00e4tt engagerade sig f\u00f6r flyktingarna. N\u00e4r m\u00e5nga kvinnor b\u00f6rjat \u00e5terh\u00e4mtat sig bodde m\u00e5nga inneboende hos vanliga \u00f6rebroare.<\/p>\n<p style=\"text-align: justify;\"><a href=\"http:\/\/xn--skuggorfrndetfrflutna-02b01b.se\/wp-content\/uploads\/2013\/09\/Polisen-mm.jpg\"><img loading=\"lazy\" decoding=\"async\" class=\"alignnone wp-image-472\" src=\"http:\/\/xn--skuggorfrndetfrflutna-02b01b.se\/wp-content\/uploads\/2013\/09\/Polisen-mm-1024x629.jpg\" alt=\"Polisen mm\" width=\"712\" height=\"437\" srcset=\"http:\/\/xn--skuggorfrndetfrflutna-02b01b.se\/wp-content\/uploads\/2013\/09\/Polisen-mm-1024x629.jpg 1024w, http:\/\/xn--skuggorfrndetfrflutna-02b01b.se\/wp-content\/uploads\/2013\/09\/Polisen-mm-300x184.jpg 300w\" sizes=\"auto, (max-width: 712px) 100vw, 712px\" \/><\/a><\/p>\n<p style=\"text-align: justify;\">Fr\u00e5n b\u00f6rjan var det sannolikt t\u00e4nkt att beredskapssjukhuset skulle ta emot 180 patienter men enligt Olle Ottanders redog\u00f6relse v\u00e5rdades totalt 239 kvinnor. I arkiven har uppt\u00e4ckts 249 kvinnor med n\u00e5gon kortare eller l\u00e4ngre koppling till beredskapssjukhuset. Periodvis fanns ett antal kvinnor \u00e4ven p\u00e5 lasarettet och Epidemisjukhus. Enligt en odaterad \u201dF\u00f6rteckning \u00f6ver beredskapssjukhus\u201d p\u00e5 Riksarkivet r\u00e4knar man med 189 patienter och 223 dygn, totalt 42 147 v\u00e5rddygn. Patienterna inkom inte samtidigt och m\u00e5nga flyttades sannolikt p\u00e5 grund av v\u00e5rdbehov.<\/p>\n<p style=\"text-align: justify;\">Fyra polska kvinnor finns begravda p\u00e5 Norra kyrkog\u00e5rden i \u00d6rebro. En handfull judiska kvinnor d\u00f6r ocks\u00e5 men \u00e4r inte begravda i \u00d6rebro och deras gravar \u00e4r f\u00f6r n\u00e4rvarande inte k\u00e4nda.<\/p>\n<p style=\"text-align: justify;\">De f\u00f6rsta kvinnorna kom den 25 ma 1945 med ett tidigt morgont\u00e5g fr\u00e5n karant\u00e4nl\u00e4ger i Lund. R\u00f6da kors personal sk\u00f6tte transporten fr\u00e5n j\u00e4rnv\u00e4gsstationen till Engelbrektsskolan. Under sommaren inkommer sedan fler transporter.<\/p>\n<p style=\"text-align: justify;\">L\u00e4karen Olle Ottander ber\u00e4ttar: \u2026\u201dI stadens st\u00f6rsta folkskola, som om\u00e4ndrats till beredskapssjukhus l\u00e5go patienterna i salar p\u00e5 9-10 stycken i varje rum i 4 etager. En god och n\u00e4rande kost fingo de, dietiskt avpassad f\u00f6r olika sjukdomstillst\u00e5nd. Till en b\u00f6rjan erh\u00f6lls all kost fr\u00e5n stadens l\u00e4nslasarett, som emellertid blev \u00f6verbelastat d\u00e5 allt flera kontingenter tillkommo, varf\u00f6r patienterna fingo sin kost fr\u00e5n regementet och dietkosten alltfortfarande fr\u00e5n lasarettet. \u2026Provisorisk ringledning inr\u00e4ttades vid varje s\u00e4ng, provisorisk toalettanordning i varje korridor (vattenklosett) \u2026Kl\u00e4df\u00f6rr\u00e5d och skof\u00f6rr\u00e5d hade erh\u00e5llits p\u00e5 frivillighetens v\u00e4g, linnef\u00f6rr\u00e5d genom R\u00f6da korset\u2026 Ett kliniskt laboratorium hade inretts, m\u00f6jlighet f\u00f6r r\u00f6ntgen genomlysning likas\u00e5. Bad fanns f\u00f6rut i skolan. Tillg\u00e5ng till massage- och r\u00f6relsebehandling ordnades f\u00f6r patienterna. Social kurator hj\u00e4lpte dem tillr\u00e4tta osv. I varje patients journal fanns fotografi av patienten. Detta var mer praktiskt \u00e4n att s\u00f6ka uttala namn s\u00e5dana som Zbrzeznjek\u2026 Glas\u00f6gon med enkla b\u00e5gar fingo de i en optisk aff\u00e4r. Komplicerade fall remitterades till lasarettets \u00f6gonavdelning. Patienternas tandstatus var fruktansv\u00e4rd och det var n\u00f6dv\u00e4ndigt att klara av det v\u00e4rsta, om man skulle kunna f\u00f6rb\u00e4ttra deras h\u00e4lsa\u2026 stadens tandl\u00e4karf\u00f6rening erbj\u00f6do sig samtliga tandl\u00e4kare att kostnadsfritt hj\u00e4lpa till med den n\u00f6dv\u00e4ndiga tandv\u00e5rden.<\/p>\n<p style=\"text-align: justify;\">Sammanslutningar och enskilda bidrogo varje vecka med ett underh\u00e5llande program till patienternas stora gl\u00e4dje. D\u00e5 de senare tillfrisknade s\u00f6kte vi s\u00e4tta dem i l\u00e4mpligt arbete. Detta var av oerh\u00f6rt stor betydelse f\u00f6r deras psykiska h\u00e4lsa.\u201d<\/p>\n<p style=\"text-align: justify;\">Engelbrektsskolan upph\u00f6r som beredskapssjukhus den 31 december 1945. Kvinnor med v\u00e5rdbehov \u00f6verf\u00f6rs d\u00e5 till den vanliga sjukv\u00e5rden eller andra beredskapssjukhus.<\/p>\n<p style=\"text-align: justify;\"><a href=\"http:\/\/xn--skuggorfrndetfrflutna-02b01b.se\/wp-content\/uploads\/2013\/08\/Bild4.png\"><img loading=\"lazy\" decoding=\"async\" class=\"alignnone size-full wp-image-540\" src=\"http:\/\/xn--skuggorfrndetfrflutna-02b01b.se\/wp-content\/uploads\/2013\/08\/Bild4.png\" alt=\"Bild4\" width=\"605\" height=\"315\" srcset=\"http:\/\/xn--skuggorfrndetfrflutna-02b01b.se\/wp-content\/uploads\/2013\/08\/Bild4.png 605w, http:\/\/xn--skuggorfrndetfrflutna-02b01b.se\/wp-content\/uploads\/2013\/08\/Bild4-300x156.png 300w\" sizes=\"auto, (max-width: 605px) 100vw, 605px\" \/><\/a><\/p>\n<p style=\"text-align: justify;\"><a href=\"http:\/\/xn--skuggorfrndetfrflutna-02b01b.se\/wp-content\/uploads\/2013\/08\/Bild3.png\"><img loading=\"lazy\" decoding=\"async\" class=\"alignnone size-full wp-image-539\" src=\"http:\/\/xn--skuggorfrndetfrflutna-02b01b.se\/wp-content\/uploads\/2013\/08\/Bild3.png\" alt=\"Bild3\" width=\"413\" height=\"340\" srcset=\"http:\/\/xn--skuggorfrndetfrflutna-02b01b.se\/wp-content\/uploads\/2013\/08\/Bild3.png 413w, http:\/\/xn--skuggorfrndetfrflutna-02b01b.se\/wp-content\/uploads\/2013\/08\/Bild3-300x246.png 300w\" sizes=\"auto, (max-width: 413px) 100vw, 413px\" \/><\/a><\/p>\n<p style=\"text-align: justify;\">K\u00e4llor:<\/p>\n<p style=\"text-align: justify;\">Protokoll f\u00f6rt vid \u00d6rebro Folkskolestyrelse sammantr\u00e4de den 12 juni 1945, Stadsarkivet \u00d6rebro<\/p>\n<p style=\"text-align: justify;\">Nerikes Allehanda<\/p>\n<p style=\"text-align: justify;\">\u00d6rebro 1945 (2007)<\/p>\n<p style=\"text-align: justify;\">N\u00e5gra erfarenheter och intryck fr\u00e5n sjukv\u00e5rdsarbetet p\u00e5 ett beredskapssjukhus i Mellan-Sverige av Olle Ottander, manuskript, Riksarkivet, publicerad i L\u00e4kartidningen 1946:2<\/p>\n<p style=\"text-align: justify;\">Bild fr\u00e5n Anita M\u00e5rd.<\/p>\n","protected":false},"excerpt":{"rendered":"<p>Beredskapssjukhuset p\u00e5 Engelbrektsskolan 23 maj \u2013 31 december 1945 Det fanns m\u00e5nga beredskapssjukhus f\u00f6rberedda f\u00f6r krigssjukv\u00e5rd i Sverige under andra v\u00e4rldskriget och ett av dessa var p\u00e5 Engelbrektsskolan i \u00d6rebro. N\u00e4r flyktingarna i 10 000-tal i slutet av andra v\u00e4rldskriget v\u00e4lde in \u00f6ver Sveriges gr\u00e4nser aktiverade myndigheterna denna f\u00f6rberedda krigsorganisation. Den 17 maj 1945 rekvirerade &hellip; <\/p>\n<p><a class=\"more-link btn\" href=\"http:\/\/xn--skuggorfrndetfrflutna-02b01b.se\/?page_id=188\">Forts\u00e4tt l\u00e4sa<\/a><\/p>\n","protected":false},"author":1,"featured_media":0,"parent":0,"menu_order":0,"comment_status":"closed","ping_status":"open","template":"","meta":{"_monsterinsights_skip_tracking":false,"_monsterinsights_sitenote_active":false,"_monsterinsights_sitenote_note":"","_monsterinsights_sitenote_category":0,"footnotes":""},"class_list":["post-188","page","type-page","status-publish","hentry","nodate","item-wrap"],"jetpack_sharing_enabled":true,"_links":{"self":[{"href":"http:\/\/xn--skuggorfrndetfrflutna-02b01b.se\/index.php?rest_route=\/wp\/v2\/pages\/188","targetHints":{"allow":["GET"]}}],"collection":[{"href":"http:\/\/xn--skuggorfrndetfrflutna-02b01b.se\/index.php?rest_route=\/wp\/v2\/pages"}],"about":[{"href":"http:\/\/xn--skuggorfrndetfrflutna-02b01b.se\/index.php?rest_route=\/wp\/v2\/types\/page"}],"author":[{"embeddable":true,"href":"http:\/\/xn--skuggorfrndetfrflutna-02b01b.se\/index.php?rest_route=\/wp\/v2\/users\/1"}],"replies":[{"embeddable":true,"href":"http:\/\/xn--skuggorfrndetfrflutna-02b01b.se\/index.php?rest_route=%2Fwp%2Fv2%2Fcomments&post=188"}],"version-history":[{"count":13,"href":"http:\/\/xn--skuggorfrndetfrflutna-02b01b.se\/index.php?rest_route=\/wp\/v2\/pages\/188\/revisions"}],"predecessor-version":[{"id":3378,"href":"http:\/\/xn--skuggorfrndetfrflutna-02b01b.se\/index.php?rest_route=\/wp\/v2\/pages\/188\/revisions\/3378"}],"wp:attachment":[{"href":"http:\/\/xn--skuggorfrndetfrflutna-02b01b.se\/index.php?rest_route=%2Fwp%2Fv2%2Fmedia&parent=188"}],"curies":[{"name":"wp","href":"https:\/\/api.w.org\/{rel}","templated":true}]}}