{"id":1709,"date":"2015-02-22T09:54:08","date_gmt":"2015-02-22T09:54:08","guid":{"rendered":"http:\/\/xn--skuggorfrndetfrflutna-02b01b.se\/?page_id=1709"},"modified":"2015-02-22T09:54:08","modified_gmt":"2015-02-22T09:54:08","slug":"gustav-minnen-fran-det-forflutna","status":"publish","type":"page","link":"http:\/\/xn--skuggorfrndetfrflutna-02b01b.se\/?page_id=1709","title":{"rendered":"Gustav &#8211; minnen fr\u00e5n det f\u00f6rflutna"},"content":{"rendered":"<p>Gustav \u00e4r f\u00f6dd den 10 april 1932 i T\u00e4rnaby. Idag, 81 \u00e5r senare bor han nu med sin fru i ett bostadsomr\u00e5de strax utanf\u00f6r \u00d6rebro. Jag ska nu ber\u00e4tta hans livshistoria f\u00f6r er.<\/p>\n<p>En kall v\u00e5rdag 1932 f\u00f6ddes Erik Gustav Georg Stenmark i T\u00e4rnaby sjukstuga. Gustav fick aldrig tr\u00e4ffa sin pappa f\u00f6r n\u00e5gra m\u00e5nader innan han f\u00f6ddes omkom han i en drunkningsolycka. Hans mamma var ung och hade inget jobb, d\u00e4rf\u00f6r klarade hon inte av att ta hand om honom ensam s\u00e5 han fick bo och spendera st\u00f6rsta delen av hans uppv\u00e4xt hos sin Morfar.\u00a0 Han arbetade med att l\u00e4gga v\u00e4ggar och hade en fantastisk l\u00f6n p\u00e5 hela 4 kronor om dagen. Till en b\u00f6rjan hade de inte elektricitet i huset, j\u00e4mf\u00f6rt med idag d\u00e5 han sitter och spelar wordfued p\u00e5 sin surflatta. I huset han bodde fanns en telefonv\u00e4xel, den enda i byn, s\u00e5 under hela kriget var den bemannad av soldater under dagtid. Familjen \u00e4gde ett annat hus som l\u00e5g lite l\u00e4ngre bort och det blev en plats f\u00f6r soldaterna att sova.<\/p>\n<p>Vid sju \u00e5rs \u00e5lder fick han schalakansfeber och fick tillbringa fem m\u00e5nader i total isolering. Han ber\u00e4ttar att han saknade kompisarna och skolan n\u00e5got enormt och n\u00e4r han v\u00e4l blev utskriven s\u00e5 tog milit\u00e4ren \u00f6ver och st\u00e4ngde igen skolan. N\u00e4r kriget tog slut \u00f6ppnades skolan igen och han var helt \u00f6verlycklig av att vara tillbaka. Han ber\u00e4ttar att man hade enorm respekt f\u00f6r l\u00e4rarna och disciplinen var stenh\u00e5rd. Dock hade de en hyfsat sn\u00e4ll l\u00e4rare s\u00e5 ingen blev bestraffad med stryk, ist\u00e4llet var det skamvr\u00e5n som g\u00e4llde. Man kan tycka att vi har d\u00e5liga l\u00e4rob\u00f6cker, han hade inga b\u00f6cker alls. Han gick i alla fall p\u00e5 den skolan i sju \u00e5r och gick ur \u00e5r 1947.<\/p>\n<p><span id=\"more-1387\"><\/span>Efter det tog han sm\u00e5jobb lite \u00f6verallt tills han kom han in p\u00e5 en praktisk linje i V\u00e4nn\u00e4s, en motsvarighet till dagens gymnasium. Han gick p\u00e5 den skolan i tv\u00e5 \u00e5r och efter det fortsatte han med att leta sm\u00e5jobb, bland annat var han nere en sv\u00e4ng i G\u00f6teborg d\u00e4r han tj\u00e4nstgjorde p\u00e5 varvet i Eriksberg. \u00c5r 1952 tj\u00e4nstgjorde han lumpen i \u00d6stersund F4. Han kom tillbaka och tog \u00e4nnu fler sm\u00e5jobb. N\u00e5gra \u00e5r senare gifte han sig med Ewy-Marie Granberg, detta \u00e4r ocks\u00e5 hans b\u00e4sta minne. Efter det fick han sitt f\u00f6rsta riktiga jobb, som lastbilschauff\u00f6r p\u00e5 sin sv\u00e4rfars \u00e5keri. 1965 f\u00f6ddes min mamma och fem \u00e5r senare flyttade familjen till Oxel\u00f6sund. D\u00e4r blev han anst\u00e4lld p\u00e5 ett dotterbolag till SJ. Hans uppgift var att k\u00f6ra motorvagn i och till n\u00e4rliggande orter till Nyk\u00f6ping. Han b\u00f6rjade k\u00f6ra godst\u00e5g runt om i Mellansverige och blev fast p\u00e5 SJ till han gick i pension \u00e5r 1997. Han flyttade till \u00d6rebro och har sedan dess bott i samma l\u00e4genhet i 16 \u00e5r. Nu har han ett barn och tv\u00e5 barnbarn.<\/p>\n<p>Ja detta var hans livshistoria, inte alls s\u00e5 m\u00e4rkv\u00e4rdig faktiskt. Hur p\u00e5verkades han av andra v\u00e4rldskriget d\u00e5? Jo, som sagt anv\u00e4nde man deras hus f\u00f6r att f\u00e5 tillg\u00e5ng till telefonv\u00e4xeln. Ett annat hus som familjen \u00e4gde var fullt av soldater dygnet runt som bara v\u00e4ntade p\u00e5 att tyskarna skulle anfalla. Eftersom byn Gustav v\u00e4xte upp i bara l\u00e5g ca 3 mil fr\u00e5n norska gr\u00e4nsen s\u00e5 var det hela tiden sp\u00e4nt l\u00e4ge. \u00d6verallt fanns det ocks\u00e5 uppsatt \u201dEn svensk tiger\u201d lappar och man blev hela tiden p\u00e5mind att inte prata om on\u00f6diga saker. Han n\u00e4mner ocks\u00e5 Per-Albin Hansson och om hur han var omtyckt men \u00e4nd\u00e5 s\u00e5gs som en tyskv\u00e4n. Nyfiken som hon \u00e4r kommer hans fru in, min mormor, och vill ocks\u00e5 vara delaktig. Hon \u00e4r f\u00f6dd 1939 s\u00e5 hon minns inte lika mycket eftersom hon var s\u00e5 lite men har \u00e4nd\u00e5 v\u00e4ldigt mycket att ber\u00e4tta. Bland annat f\u00e5r jag reda p\u00e5 att hennes pappa k\u00f6rde lastbil med krigsmaterial i finska vinterkriget p\u00e5 Finnlads sida och att deras familj tagit emot krigsbarn. Hon h\u00e4mtar en gammal Aladdinask och i den finns brev varsamt sparade. Det \u00e4r krigsbrev som hennes pappa skickade hem fr\u00e5n Finnland. \u00a0P\u00e5 de breven st\u00e5r det tydligt om den svenska tigern, hon fick heller inte veta var ifr\u00e5n breven skickades. Efter kriget kunde han s\u00e4kert ber\u00e4tta men eftersom mormor var s\u00e5 lite var hon inte intresserad av det d\u00e5.<\/p>\n<p>Jag fr\u00e5gar om f\u00f6rintelsen och b\u00e5da s\u00e4ger samma sak, de visste ingenting om det. Dock visste man att Hitler <i>ville <\/i>utrota judarna men ingen kunde t\u00e4nka sig att han faktiskt skulle genomf\u00f6ra det.\u00a0 Det var f\u00f6rst l\u00e5ngt efter kriget som det kom fram.\u00a0 Jag fr\u00e5gar ocks\u00e5 om kalla kriget och om de var oroliga f\u00f6r ett tredje v\u00e4rldskrig, svaret var att ingen tog det riktigt p\u00e5 allvar, man var s\u00e5 slut av det andra v\u00e4rldskriget s\u00e5 man blev aldrig orolig \u00e4ven om det n\u00e5gon g\u00e5ng hettade till och var n\u00e4r p\u00e5 att utbryta.<\/p>\n<p>Erik Askerblom 9D\u00a0\u00a0 HT 13<\/p>\n","protected":false},"excerpt":{"rendered":"<p>Gustav \u00e4r f\u00f6dd den 10 april 1932 i T\u00e4rnaby. Idag, 81 \u00e5r senare bor han nu med sin fru i ett bostadsomr\u00e5de strax utanf\u00f6r \u00d6rebro. Jag ska nu ber\u00e4tta hans livshistoria f\u00f6r er. En kall v\u00e5rdag 1932 f\u00f6ddes Erik Gustav Georg Stenmark i T\u00e4rnaby sjukstuga. Gustav fick aldrig tr\u00e4ffa sin pappa f\u00f6r n\u00e5gra m\u00e5nader innan &hellip; <\/p>\n<p><a class=\"more-link btn\" href=\"http:\/\/xn--skuggorfrndetfrflutna-02b01b.se\/?page_id=1709\">Forts\u00e4tt l\u00e4sa<\/a><\/p>\n","protected":false},"author":1,"featured_media":0,"parent":0,"menu_order":0,"comment_status":"closed","ping_status":"open","template":"","meta":{"_monsterinsights_skip_tracking":false,"_monsterinsights_sitenote_active":false,"_monsterinsights_sitenote_note":"","_monsterinsights_sitenote_category":0,"footnotes":""},"class_list":["post-1709","page","type-page","status-publish","hentry","nodate","item-wrap"],"jetpack_sharing_enabled":true,"_links":{"self":[{"href":"http:\/\/xn--skuggorfrndetfrflutna-02b01b.se\/index.php?rest_route=\/wp\/v2\/pages\/1709","targetHints":{"allow":["GET"]}}],"collection":[{"href":"http:\/\/xn--skuggorfrndetfrflutna-02b01b.se\/index.php?rest_route=\/wp\/v2\/pages"}],"about":[{"href":"http:\/\/xn--skuggorfrndetfrflutna-02b01b.se\/index.php?rest_route=\/wp\/v2\/types\/page"}],"author":[{"embeddable":true,"href":"http:\/\/xn--skuggorfrndetfrflutna-02b01b.se\/index.php?rest_route=\/wp\/v2\/users\/1"}],"replies":[{"embeddable":true,"href":"http:\/\/xn--skuggorfrndetfrflutna-02b01b.se\/index.php?rest_route=%2Fwp%2Fv2%2Fcomments&post=1709"}],"version-history":[{"count":1,"href":"http:\/\/xn--skuggorfrndetfrflutna-02b01b.se\/index.php?rest_route=\/wp\/v2\/pages\/1709\/revisions"}],"predecessor-version":[{"id":1711,"href":"http:\/\/xn--skuggorfrndetfrflutna-02b01b.se\/index.php?rest_route=\/wp\/v2\/pages\/1709\/revisions\/1711"}],"wp:attachment":[{"href":"http:\/\/xn--skuggorfrndetfrflutna-02b01b.se\/index.php?rest_route=%2Fwp%2Fv2%2Fmedia&parent=1709"}],"curies":[{"name":"wp","href":"https:\/\/api.w.org\/{rel}","templated":true}]}}